{"id":1508,"date":"2025-09-02T17:29:14","date_gmt":"2025-09-02T17:29:14","guid":{"rendered":"https:\/\/voyaphil.com\/?page_id=1508"},"modified":"2025-12-05T16:36:35","modified_gmt":"2025-12-05T16:36:35","slug":"la-crete","status":"publish","type":"page","link":"https:\/\/voyaphil.com\/en\/la-crete\/","title":{"rendered":"Crete"},"content":{"rendered":"<p>[et_pb_section fb_built=\u00a0\u00bb1&Prime; _builder_version=\u00a0\u00bb4.27.4&Prime; _module_preset=\u00a0\u00bbdefault\u00a0\u00bb background_image=\u00a0\u00bbhttps:\/\/voyaphil.com\/wp-content\/uploads\/2025\/09\/Circuit-en-Crete.webp\u00a0\u00bb global_colors_info=\u00a0\u00bb{}\u00a0\u00bb][et_pb_row column_structure=\u00a0\u00bb1_2,1_2&Prime; _builder_version=\u00a0\u00bb4.27.4&Prime; _module_preset=\u00a0\u00bbdefault\u00a0\u00bb global_colors_info=\u00a0\u00bb{}\u00a0\u00bb][et_pb_column type=\u00a0\u00bb1_2&Prime; _builder_version=\u00a0\u00bb4.27.4&Prime; _module_preset=\u00a0\u00bbdefault\u00a0\u00bb global_colors_info=\u00a0\u00bb{}\u00a0\u00bb][et_pb_heading title=\u00a0\u00bbLa Cr\u00e8te\u00a0\u00bb _builder_version=\u00a0\u00bb4.27.4&Prime; _module_preset=\u00a0\u00bbdefault\u00a0\u00bb title_font=\u00a0\u00bbPlayfair Display||||||||\u00a0\u00bb title_text_align=\u00a0\u00bbright\u00a0\u00bb title_text_color=\u00a0\u00bb#FFFFFF\u00a0\u00bb title_text_shadow_style=\u00a0\u00bbpreset2&Prime; global_colors_info=\u00a0\u00bb{}\u00a0\u00bb][\/et_pb_heading][\/et_pb_column][et_pb_column type=\u00a0\u00bb1_2&Prime; _builder_version=\u00a0\u00bb4.27.4&Prime; _module_preset=\u00a0\u00bbdefault\u00a0\u00bb global_colors_info=\u00a0\u00bb{}\u00a0\u00bb][et_pb_image src=\u00a0\u00bbhttps:\/\/voyaphil.com\/wp-content\/uploads\/2025\/09\/Grece.gif\u00a0\u00bb title_text=\u00a0\u00bbGr\u00e8ce\u00a0\u00bb _builder_version=\u00a0\u00bb4.27.4&Prime; _module_preset=\u00a0\u00bbdefault\u00a0\u00bb global_colors_info=\u00a0\u00bb{}\u00a0\u00bb][\/et_pb_image][\/et_pb_column][\/et_pb_row][et_pb_row _builder_version=\u00a0\u00bb4.27.4&Prime; _module_preset=\u00a0\u00bbdefault\u00a0\u00bb global_colors_info=\u00a0\u00bb{}\u00a0\u00bb][et_pb_column type=\u00a0\u00bb4_4&Prime; _builder_version=\u00a0\u00bb4.27.4&Prime; _module_preset=\u00a0\u00bbdefault\u00a0\u00bb global_colors_info=\u00a0\u00bb{}\u00a0\u00bb][et_pb_heading title=\u00a0\u00bbBienvenue en Cr\u00e8te\u00a0\u00bb _builder_version=\u00a0\u00bb4.27.4&Prime; _module_preset=\u00a0\u00bbdefault\u00a0\u00bb title_level=\u00a0\u00bbh2&Prime; title_font=\u00a0\u00bbPlayfair Display||||||||\u00a0\u00bb title_text_align=\u00a0\u00bbcenter\u00a0\u00bb title_text_color=\u00a0\u00bb#FFFFFF\u00a0\u00bb title_text_shadow_style=\u00a0\u00bbpreset2&Prime; global_colors_info=\u00a0\u00bb{}\u00a0\u00bb][\/et_pb_heading][\/et_pb_column][\/et_pb_row][\/et_pb_section][et_pb_section fb_built=\u00a0\u00bb1&Prime; _builder_version=\u00a0\u00bb4.27.4&Prime; _module_preset=\u00a0\u00bbdefault\u00a0\u00bb custom_padding=\u00a0\u00bb||17px|||\u00a0\u00bb global_colors_info=\u00a0\u00bb{}\u00a0\u00bb][et_pb_row column_structure=\u00a0\u00bb1_2,1_2&Prime; _builder_version=\u00a0\u00bb4.27.4&Prime; _module_preset=\u00a0\u00bbdefault\u00a0\u00bb global_colors_info=\u00a0\u00bb{}\u00a0\u00bb][et_pb_column type=\u00a0\u00bb1_2&Prime; _builder_version=\u00a0\u00bb4.27.4&Prime; _module_preset=\u00a0\u00bbdefault\u00a0\u00bb global_colors_info=\u00a0\u00bb{}\u00a0\u00bb][et_pb_text _builder_version=\u00a0\u00bb4.27.4&Prime; _module_preset=\u00a0\u00bbdefault\u00a0\u00bb global_colors_info=\u00a0\u00bb{}\u00a0\u00bb]<\/p>\n<p><!--StartFragment --><\/p>\n<p>\ud83c\udfdd\ufe0f <strong>La Cr\u00e8te : entre mythes antiques et mer turquoise<\/strong><\/p>\n<p>\ud83d\udccd <strong>G\u00e9ographie et identit\u00e9<\/strong><\/p>\n<ul>\n<li><strong>Plus grande \u00eele de Gr\u00e8ce<\/strong>, situ\u00e9e au sud du pays, entre la mer \u00c9g\u00e9e et la mer de Libye.<\/li>\n<li>Elle s\u2019\u00e9tend sur <strong>plus de 260 km de long<\/strong> mais reste \u00e9troite du nord au sud.<\/li>\n<li>Son relief est <strong>montagneux<\/strong>, avec des sommets comme le <strong>mont Ida<\/strong> (2 456 m) et les <strong>Montagnes Blanches (Lefk\u00e1 \u00d3ri)<\/strong>, qui abritent les c\u00e9l\u00e8bres <strong>gorges de Samaria<\/strong>.<\/li>\n<\/ul>\n<p>\ud83c\udfdb\ufe0f <strong>H\u00e9ritage historique<\/strong><\/p>\n<ul>\n<li>Berceau de la <strong>civilisation minoenne<\/strong>, l\u2019une des plus anciennes d\u2019Europe (2700\u20131400 av. J.-C.).<\/li>\n<li>Le <strong>palais de Knossos<\/strong>, pr\u00e8s d\u2019H\u00e9raklion, est le site arch\u00e9ologique le plus embl\u00e9matique, li\u00e9 au mythe du Minotaure.<\/li>\n<li>L\u2019\u00eele a \u00e9t\u00e9 successivement influenc\u00e9e par les <strong>Romains<\/strong>, <strong>Byzantins<\/strong>, <strong>Arabes<\/strong>, <strong>V\u00e9nitiens<\/strong> et <strong>Ottomans<\/strong>, ce qui se refl\u00e8te dans son architecture et sa culture.<\/li>\n<\/ul>\n<p>\ud83c\udf0a <strong>Paysages et nature<\/strong><\/p>\n<ul>\n<li><strong>C\u00f4tes d\u00e9coup\u00e9es<\/strong>, plages de sable rose (comme <strong>Elafonissi<\/strong>) ou de galets noirs, criques secr\u00e8tes et eaux cristallines.<\/li>\n<li><strong>Plateaux fertiles<\/strong>, oliveraies, vignobles, et villages perch\u00e9s dans les montagnes.<\/li>\n<li>R\u00e9serves naturelles, comme celle de <strong>Samaria<\/strong>, class\u00e9e biosph\u00e8re mondiale, et <strong>Balos<\/strong>, lagune paradisiaque accessible \u00e0 pied ou en bateau.<\/li>\n<\/ul>\n<p>\ud83c\udfd8\ufe0f <strong>Culture et traditions<\/strong><\/p>\n<ul>\n<li>Les Cr\u00e9tois sont r\u00e9put\u00e9s pour leur <strong>hospitalit\u00e9 chaleureuse<\/strong>, leur <strong>fiert\u00e9 identitaire<\/strong>, et leur <strong>musique traditionnelle<\/strong> jou\u00e9e au luth et \u00e0 la lyre.<\/li>\n<li>La <strong>cuisine cr\u00e9toise<\/strong> est l\u2019une des plus saines du monde : huile d\u2019olive, l\u00e9gumes frais, fromages locaux (comme le graviera), raki et vin maison.<\/li>\n<li>Les f\u00eates villageoises (<em>panigiria<\/em>) m\u00ealent danse, musique et repas communautaires jusqu\u2019au bout de la nuit.<\/li>\n<\/ul>\n<p>\ud83c\udfd9\ufe0f <strong>Villes et villages<\/strong><\/p>\n<ul>\n<li><strong>H\u00e9raklion<\/strong> : capitale moderne, vivante, avec mus\u00e9es et march\u00e9s.<\/li>\n<li><strong>La Can\u00e9e (Chania)<\/strong> : ville v\u00e9nitienne au charme fou, avec son port color\u00e9 et ses ruelles pav\u00e9es.<\/li>\n<li><strong>R\u00e9thymnon<\/strong> : m\u00e9lange d\u2019influences orientales et europ\u00e9ennes, avec une forteresse et une vieille ville pittoresque.<\/li>\n<li><strong>Agios Nikolaos<\/strong>, <strong>Sitia<\/strong>, <strong>Sfakia<\/strong> : villages c\u00f4tiers ou montagnards, chacun avec son caract\u00e8re unique.<\/li>\n<\/ul>\n<p>\u2728 <strong>Pourquoi la Cr\u00e8te est inoubliable<\/strong><\/p>\n<p>C\u2019est une \u00eele o\u00f9 <strong>l\u2019histoire mill\u00e9naire<\/strong> c\u00f4toie <strong>la nature brute<\/strong>, o\u00f9 chaque village raconte une l\u00e9gende, et o\u00f9 le <strong>temps semble ralentir<\/strong>. On y vient pour les plages, les randonn\u00e9es, les saveurs\u2026 et on y reste pour <strong>l\u2019\u00e2me cr\u00e9toise<\/strong>, fi\u00e8re et g\u00e9n\u00e9reuse.<!--EndFragment --><\/p>\n<p>[\/et_pb_text][\/et_pb_column][et_pb_column type=\u00a0\u00bb1_2&Prime; _builder_version=\u00a0\u00bb4.27.4&Prime; _module_preset=\u00a0\u00bbdefault\u00a0\u00bb global_colors_info=\u00a0\u00bb{}\u00a0\u00bb][et_pb_code _builder_version=\u00a0\u00bb4.27.4&Prime; _module_preset=\u00a0\u00bbdefault\u00a0\u00bb global_colors_info=\u00a0\u00bb{}\u00a0\u00bb]<iframe src=\"https:\/\/www.google.com\/maps\/embed?pb=!1m18!1m12!1m3!1d1667167.4458836534!2d23.597880543461986!3d35.301349180115814!2m3!1f0!2f0!3f0!3m2!1i1024!2i768!4f13.1!3m3!1m2!1s0x149a555aa4cf0283%3A0x69ac157a30fcbb59!2zQ3LDqHRl!5e0!3m2!1sfr!2sfr!4v1756833961475!5m2!1sfr!2sfr\" width=\"600\" height=\"450\" style=\"border:0;\" allowfullscreen=\"\" loading=\"lazy\" referrerpolicy=\"no-referrer-when-downgrade\"><\/iframe>[\/et_pb_code][\/et_pb_column][\/et_pb_row][\/et_pb_section][et_pb_section fb_built=\u00a0\u00bb1&Prime; _builder_version=\u00a0\u00bb4.27.4&Prime; _module_preset=\u00a0\u00bbdefault\u00a0\u00bb custom_padding=\u00a0\u00bb15px||14px|||\u00a0\u00bb global_colors_info=\u00a0\u00bb{}\u00a0\u00bb][et_pb_row _builder_version=\u00a0\u00bb4.27.4&Prime; _module_preset=\u00a0\u00bbdefault\u00a0\u00bb custom_padding=\u00a0\u00bb||12px|||\u00a0\u00bb global_colors_info=\u00a0\u00bb{}\u00a0\u00bb][et_pb_column type=\u00a0\u00bb4_4&Prime; _builder_version=\u00a0\u00bb4.27.4&Prime; _module_preset=\u00a0\u00bbdefault\u00a0\u00bb global_colors_info=\u00a0\u00bb{}\u00a0\u00bb][et_pb_divider divider_weight=\u00a0\u00bb4px\u00a0\u00bb _builder_version=\u00a0\u00bb4.27.4&Prime; _module_preset=\u00a0\u00bbdefault\u00a0\u00bb width=\u00a0\u00bb50%\u00a0\u00bb module_alignment=\u00a0\u00bbcenter\u00a0\u00bb global_colors_info=\u00a0\u00bb{}\u00a0\u00bb][\/et_pb_divider][\/et_pb_column][\/et_pb_row][et_pb_row _builder_version=\u00a0\u00bb4.27.5&Prime; _module_preset=\u00a0\u00bbdefault\u00a0\u00bb][et_pb_column _builder_version=\u00a0\u00bb4.27.5&Prime; _module_preset=\u00a0\u00bbdefault\u00a0\u00bb type=\u00a0\u00bb4_4&Prime;][et_pb_heading title=\u00a0\u00bbLieux \u00e0 d\u00e9couvrir de Cr\u00e8te\u00a0\u00bb _builder_version=\u00a0\u00bb4.27.5&Prime; _module_preset=\u00a0\u00bbdefault\u00a0\u00bb title_level=\u00a0\u00bbh3&Prime; title_font=\u00a0\u00bbPlayfair Display||||||||\u00a0\u00bb title_text_align=\u00a0\u00bbcenter\u00a0\u00bb hover_enabled=\u00a0\u00bb0&Prime; sticky_enabled=\u00a0\u00bb0&Prime;][\/et_pb_heading][\/et_pb_column][\/et_pb_row][\/et_pb_section][et_pb_section fb_built=\u00a0\u00bb1&Prime; _builder_version=\u00a0\u00bb4.27.4&Prime; _module_preset=\u00a0\u00bbdefault\u00a0\u00bb custom_padding=\u00a0\u00bb15px|||||\u00a0\u00bb global_colors_info=\u00a0\u00bb{}\u00a0\u00bb][et_pb_row column_structure=\u00a0\u00bb1_4,1_4,1_4,1_4&Prime; _builder_version=\u00a0\u00bb4.27.4&Prime; _module_preset=\u00a0\u00bbdefault\u00a0\u00bb global_colors_info=\u00a0\u00bb{}\u00a0\u00bb][et_pb_column type=\u00a0\u00bb1_4&Prime; _builder_version=\u00a0\u00bb4.27.4&Prime; _module_preset=\u00a0\u00bbdefault\u00a0\u00bb global_colors_info=\u00a0\u00bb{}\u00a0\u00bb][et_pb_image src=\u00a0\u00bbhttps:\/\/voyaphil.com\/wp-content\/uploads\/2025\/09\/Ville-dHeraklion.webp\u00a0\u00bb alt=\u00a0\u00bbVille d&rsquo;H\u00e9raklion\u00a0\u00bb title_text=\u00a0\u00bbVille d&rsquo;H\u00e9raklion\u00a0\u00bb align=\u00a0\u00bbcenter\u00a0\u00bb _builder_version=\u00a0\u00bb4.27.4&Prime; _module_preset=\u00a0\u00bbdefault\u00a0\u00bb animation_style=\u00a0\u00bbfold\u00a0\u00bb border_radii=\u00a0\u00bbon|10px|10px|10px|10px\u00a0\u00bb box_shadow_style=\u00a0\u00bbpreset2&Prime; global_colors_info=\u00a0\u00bb{}\u00a0\u00bb][\/et_pb_image][et_pb_button button_url=\u00a0\u00bb@ET-DC@eyJkeW5hbWljIjp0cnVlLCJjb250ZW50IjoicG9zdF9saW5rX3VybF9wYWdlIiwic2V0dGluZ3MiOnsicG9zdF9pZCI6IjE1MjQifX0=@\u00a0\u00bb button_text=\u00a0\u00bbH\u00e9raklion\u00a0\u00bb button_alignment=\u00a0\u00bbcenter\u00a0\u00bb _builder_version=\u00a0\u00bb4.27.4&Prime; _dynamic_attributes=\u00a0\u00bbbutton_url\u00a0\u00bb _module_preset=\u00a0\u00bbdefault\u00a0\u00bb custom_button=\u00a0\u00bbon\u00a0\u00bb button_text_color=\u00a0\u00bb#FFFFFF\u00a0\u00bb button_bg_color=\u00a0\u00bb#4f4f4f\u00a0\u00bb button_border_color=\u00a0\u00bb#FFFFFF\u00a0\u00bb button_border_radius=\u00a0\u00bb10px\u00a0\u00bb button_font=\u00a0\u00bbPlayfair Display||||||||\u00a0\u00bb button_icon=\u00a0\u00bb&#xf57d;||fa||900&Prime; animation_style=\u00a0\u00bbzoom\u00a0\u00bb box_shadow_style=\u00a0\u00bbpreset2&Prime; global_colors_info=\u00a0\u00bb{}\u00a0\u00bb][\/et_pb_button][et_pb_text _builder_version=\u00a0\u00bb4.27.4&Prime; _module_preset=\u00a0\u00bbdefault\u00a0\u00bb text_orientation=\u00a0\u00bbcenter\u00a0\u00bb global_colors_info=\u00a0\u00bb{}\u00a0\u00bb]<\/p>\n<p><b>Situ\u00e9e sur la c\u00f4te nord de la Cr\u00e8te, H\u00e9raklion est une ville qui ne manque pas de charme. Avec son architecture v\u00e9nitienne, ses ruelles pittoresques et ses places anim\u00e9es, elle offre une exp\u00e9rience unique aux voyageurs. La ville abrite \u00e9galement plusieurs sites historiques importants, notamment le Fort v\u00e9nitien de Koules et la Fontaine Morosini. En outre, H\u00e9raklion est connue pour sa sc\u00e8ne culinaire dynamique, avec une vari\u00e9t\u00e9 de restaurants proposant des sp\u00e9cialit\u00e9s locales.<\/b><\/p>\n<p>[\/et_pb_text][\/et_pb_column][et_pb_column type=\u00a0\u00bb1_4&Prime; _builder_version=\u00a0\u00bb4.27.4&Prime; _module_preset=\u00a0\u00bbdefault\u00a0\u00bb global_colors_info=\u00a0\u00bb{}\u00a0\u00bb][et_pb_image src=\u00a0\u00bbhttps:\/\/voyaphil.com\/wp-content\/uploads\/2025\/09\/ville-de-Chania.webp\u00a0\u00bb title_text=\u00a0\u00bbville de Chania\u00a0\u00bb align=\u00a0\u00bbcenter\u00a0\u00bb _builder_version=\u00a0\u00bb4.27.4&Prime; _module_preset=\u00a0\u00bbdefault\u00a0\u00bb height=\u00a0\u00bb139px\u00a0\u00bb animation_style=\u00a0\u00bbfold\u00a0\u00bb border_radii=\u00a0\u00bbon|10px|10px|10px|10px\u00a0\u00bb box_shadow_style=\u00a0\u00bbpreset2&Prime; global_colors_info=\u00a0\u00bb{}\u00a0\u00bb][\/et_pb_image][et_pb_button button_url=\u00a0\u00bb@ET-DC@eyJkeW5hbWljIjp0cnVlLCJjb250ZW50IjoicG9zdF9saW5rX3VybF9wYWdlIiwic2V0dGluZ3MiOnsicG9zdF9pZCI6IjE1NDcifX0=@\u00a0\u00bb button_text=\u00a0\u00bbChania\u00a0\u00bb button_alignment=\u00a0\u00bbcenter\u00a0\u00bb _builder_version=\u00a0\u00bb4.27.4&Prime; _dynamic_attributes=\u00a0\u00bbbutton_url\u00a0\u00bb _module_preset=\u00a0\u00bbdefault\u00a0\u00bb custom_button=\u00a0\u00bbon\u00a0\u00bb button_text_color=\u00a0\u00bb#FFFFFF\u00a0\u00bb button_bg_color=\u00a0\u00bb#4f4f4f\u00a0\u00bb button_border_color=\u00a0\u00bb#FFFFFF\u00a0\u00bb button_border_radius=\u00a0\u00bb10px\u00a0\u00bb button_font=\u00a0\u00bbPlayfair Display||||||||\u00a0\u00bb button_icon=\u00a0\u00bb&#xf57d;||fa||900&Prime; animation_style=\u00a0\u00bbzoom\u00a0\u00bb box_shadow_style=\u00a0\u00bbpreset2&Prime; global_colors_info=\u00a0\u00bb{}\u00a0\u00bb][\/et_pb_button][et_pb_text _builder_version=\u00a0\u00bb4.27.4&Prime; _module_preset=\u00a0\u00bbdefault\u00a0\u00bb text_orientation=\u00a0\u00bbcenter\u00a0\u00bb global_colors_info=\u00a0\u00bb{}\u00a0\u00bb]<\/p>\n<p><b>Chania est une ville situ\u00e9e sur la c\u00f4te nord-ouest de la Cr\u00e8te, en Gr\u00e8ce. Elle est connue pour son vieux port v\u00e9nitien, ses rues pav\u00e9es et ses b\u00e2timents historiques. La ville est \u00e9galement c\u00e9l\u00e8bre pour sa cuisine locale, notamment ses fruits de mer frais et ses plats traditionnels grecs.<\/b><\/p>\n<p>[\/et_pb_text][\/et_pb_column][et_pb_column type=\u00a0\u00bb1_4&Prime; _builder_version=\u00a0\u00bb4.27.4&Prime; _module_preset=\u00a0\u00bbdefault\u00a0\u00bb global_colors_info=\u00a0\u00bb{}\u00a0\u00bb][et_pb_image src=\u00a0\u00bbhttps:\/\/voyaphil.com\/wp-content\/uploads\/2025\/09\/Paleochora-Anydri.webp\u00a0\u00bb title_text=\u00a0\u00bbPaleochora &#8211; Anydri\u00a0\u00bb align=\u00a0\u00bbcenter\u00a0\u00bb _builder_version=\u00a0\u00bb4.27.4&Prime; _module_preset=\u00a0\u00bbdefault\u00a0\u00bb animation_style=\u00a0\u00bbfold\u00a0\u00bb border_radii=\u00a0\u00bbon|10px|10px|10px|10px\u00a0\u00bb box_shadow_style=\u00a0\u00bbpreset2&Prime; global_colors_info=\u00a0\u00bb{}\u00a0\u00bb][\/et_pb_image][et_pb_button button_url=\u00a0\u00bb@ET-DC@eyJkeW5hbWljIjp0cnVlLCJjb250ZW50IjoicG9zdF9saW5rX3VybF9wYWdlIiwic2V0dGluZ3MiOnsicG9zdF9pZCI6IjE1NzIifX0=@\u00a0\u00bb button_text=\u00a0\u00bbPaleochora aux Gorges d&rsquo;Anydri\u00a0\u00bb button_alignment=\u00a0\u00bbcenter\u00a0\u00bb _builder_version=\u00a0\u00bb4.27.4&Prime; _dynamic_attributes=\u00a0\u00bbbutton_url\u00a0\u00bb _module_preset=\u00a0\u00bbdefault\u00a0\u00bb custom_button=\u00a0\u00bbon\u00a0\u00bb button_text_color=\u00a0\u00bb#FFFFFF\u00a0\u00bb button_bg_color=\u00a0\u00bb#4f4f4f\u00a0\u00bb button_border_color=\u00a0\u00bb#FFFFFF\u00a0\u00bb button_border_radius=\u00a0\u00bb10px\u00a0\u00bb button_font=\u00a0\u00bbPlayfair Display||||||||\u00a0\u00bb button_icon=\u00a0\u00bb&#xf57d;||fa||900&Prime; animation_style=\u00a0\u00bbzoom\u00a0\u00bb box_shadow_style=\u00a0\u00bbpreset2&Prime; global_colors_info=\u00a0\u00bb{}\u00a0\u00bb][\/et_pb_button][et_pb_text _builder_version=\u00a0\u00bb4.27.4&Prime; _module_preset=\u00a0\u00bbdefault\u00a0\u00bb text_orientation=\u00a0\u00bbcenter\u00a0\u00bb global_colors_info=\u00a0\u00bb{}\u00a0\u00bb]<\/p>\n<p><b>La randonn\u00e9e de Paleochora aux Gorges d&rsquo;Anydri en Cr\u00e8te est une exp\u00e9rience inoubliable pour les amateurs de nature et de d\u00e9couverte. Le sentier serpente \u00e0 travers des paysages vari\u00e9s, allant des collines verdoyantes aux gorges escarp\u00e9es. Les randonneurs peuvent admirer la flore locale, notamment les oliviers centenaires et les fleurs sauvages color\u00e9es.<\/b><\/p>\n<p>[\/et_pb_text][\/et_pb_column][et_pb_column type=\u00a0\u00bb1_4&Prime; _builder_version=\u00a0\u00bb4.27.4&Prime; _module_preset=\u00a0\u00bbdefault\u00a0\u00bb global_colors_info=\u00a0\u00bb{}\u00a0\u00bb][et_pb_image src=\u00a0\u00bbhttps:\/\/voyaphil.com\/wp-content\/uploads\/2025\/09\/De-Lissos-a-Sougia.webp\u00a0\u00bb title_text=\u00a0\u00bbDe Lissos \u00e0 Sougia\u00a0\u00bb align=\u00a0\u00bbcenter\u00a0\u00bb _builder_version=\u00a0\u00bb4.27.4&Prime; _module_preset=\u00a0\u00bbdefault\u00a0\u00bb animation_style=\u00a0\u00bbfold\u00a0\u00bb border_radii=\u00a0\u00bbon|10px|10px|10px|10px\u00a0\u00bb box_shadow_style=\u00a0\u00bbpreset2&Prime; global_colors_info=\u00a0\u00bb{}\u00a0\u00bb][\/et_pb_image][et_pb_button button_url=\u00a0\u00bb@ET-DC@eyJkeW5hbWljIjp0cnVlLCJjb250ZW50IjoicG9zdF9saW5rX3VybF9wYWdlIiwic2V0dGluZ3MiOnsicG9zdF9pZCI6IjE1ODUifX0=@\u00a0\u00bb button_text=\u00a0\u00bbLissos \u00e0 Sougia\u00a0\u00bb button_alignment=\u00a0\u00bbcenter\u00a0\u00bb _builder_version=\u00a0\u00bb4.27.4&Prime; _dynamic_attributes=\u00a0\u00bbbutton_url\u00a0\u00bb _module_preset=\u00a0\u00bbdefault\u00a0\u00bb custom_button=\u00a0\u00bbon\u00a0\u00bb button_text_color=\u00a0\u00bb#FFFFFF\u00a0\u00bb button_bg_color=\u00a0\u00bb#4f4f4f\u00a0\u00bb button_border_color=\u00a0\u00bb#FFFFFF\u00a0\u00bb button_border_radius=\u00a0\u00bb10px\u00a0\u00bb button_font=\u00a0\u00bbPlayfair Display||||||||\u00a0\u00bb button_icon=\u00a0\u00bb&#xf57d;||fa||900&Prime; animation_style=\u00a0\u00bbzoom\u00a0\u00bb box_shadow_style=\u00a0\u00bbpreset2&Prime; global_colors_info=\u00a0\u00bb{}\u00a0\u00bb][\/et_pb_button][et_pb_text _builder_version=\u00a0\u00bb4.27.4&Prime; _module_preset=\u00a0\u00bbdefault\u00a0\u00bb text_orientation=\u00a0\u00bbcenter\u00a0\u00bb global_colors_info=\u00a0\u00bb{}\u00a0\u00bb]<\/p>\n<p><b>La randonn\u00e9e Lissos \u00e0 Sougia en Cr\u00e8te est une exp\u00e9rience inoubliable pour les amateurs de nature et de d\u00e9couverte. Cette balade de plusieurs heures vous permettra de d\u00e9couvrir des paysages magnifiques, entre mer et montagne, ainsi que des vestiges arch\u00e9ologiques fascinants.<\/b><\/p>\n<p>[\/et_pb_text][\/et_pb_column][\/et_pb_row][et_pb_row _builder_version=\u00a0\u00bb4.27.4&Prime; _module_preset=\u00a0\u00bbdefault\u00a0\u00bb custom_padding=\u00a0\u00bb||12px|||\u00a0\u00bb global_colors_info=\u00a0\u00bb{}\u00a0\u00bb][et_pb_column type=\u00a0\u00bb4_4&Prime; _builder_version=\u00a0\u00bb4.27.4&Prime; _module_preset=\u00a0\u00bbdefault\u00a0\u00bb global_colors_info=\u00a0\u00bb{}\u00a0\u00bb][et_pb_divider divider_weight=\u00a0\u00bb4px\u00a0\u00bb _builder_version=\u00a0\u00bb4.27.4&Prime; _module_preset=\u00a0\u00bbdefault\u00a0\u00bb width=\u00a0\u00bb50%\u00a0\u00bb module_alignment=\u00a0\u00bbcenter\u00a0\u00bb global_colors_info=\u00a0\u00bb{}\u00a0\u00bb][\/et_pb_divider][\/et_pb_column][\/et_pb_row][et_pb_row column_structure=\u00a0\u00bb1_4,1_4,1_4,1_4&Prime; _builder_version=\u00a0\u00bb4.27.4&Prime; _module_preset=\u00a0\u00bbdefault\u00a0\u00bb global_colors_info=\u00a0\u00bb{}\u00a0\u00bb][et_pb_column type=\u00a0\u00bb1_4&Prime; _builder_version=\u00a0\u00bb4.27.4&Prime; _module_preset=\u00a0\u00bbdefault\u00a0\u00bb global_colors_info=\u00a0\u00bb{}\u00a0\u00bb][et_pb_image src=\u00a0\u00bbhttps:\/\/voyaphil.com\/wp-content\/uploads\/2025\/09\/Le-Parc-National-de-Samaria.webp\u00a0\u00bb alt=\u00a0\u00bbLe Parc National de Samaria\u00a0\u00bb title_text=\u00a0\u00bbLe Parc National de Samaria\u00a0\u00bb align=\u00a0\u00bbcenter\u00a0\u00bb _builder_version=\u00a0\u00bb4.27.4&Prime; _module_preset=\u00a0\u00bbdefault\u00a0\u00bb animation_style=\u00a0\u00bbfold\u00a0\u00bb border_radii=\u00a0\u00bbon|10px|10px|10px|10px\u00a0\u00bb box_shadow_style=\u00a0\u00bbpreset2&Prime; global_colors_info=\u00a0\u00bb{}\u00a0\u00bb][\/et_pb_image][et_pb_button button_url=\u00a0\u00bb@ET-DC@eyJkeW5hbWljIjp0cnVlLCJjb250ZW50IjoicG9zdF9saW5rX3VybF9wYWdlIiwic2V0dGluZ3MiOnsicG9zdF9pZCI6IjE2MTkifX0=@\u00a0\u00bb button_text=\u00a0\u00bbParc National de Samaria\u00a0\u00bb button_alignment=\u00a0\u00bbcenter\u00a0\u00bb _builder_version=\u00a0\u00bb4.27.4&Prime; _dynamic_attributes=\u00a0\u00bbbutton_url\u00a0\u00bb _module_preset=\u00a0\u00bbdefault\u00a0\u00bb custom_button=\u00a0\u00bbon\u00a0\u00bb button_text_color=\u00a0\u00bb#FFFFFF\u00a0\u00bb button_bg_color=\u00a0\u00bb#4f4f4f\u00a0\u00bb button_border_color=\u00a0\u00bb#FFFFFF\u00a0\u00bb button_border_radius=\u00a0\u00bb10px\u00a0\u00bb button_font=\u00a0\u00bbPlayfair Display||||||||\u00a0\u00bb button_icon=\u00a0\u00bb&#xf57d;||fa||900&Prime; animation_style=\u00a0\u00bbzoom\u00a0\u00bb box_shadow_style=\u00a0\u00bbpreset2&Prime; global_colors_info=\u00a0\u00bb{}\u00a0\u00bb][\/et_pb_button][et_pb_text _builder_version=\u00a0\u00bb4.27.4&Prime; _module_preset=\u00a0\u00bbdefault\u00a0\u00bb text_orientation=\u00a0\u00bbcenter\u00a0\u00bb global_colors_info=\u00a0\u00bb{}\u00a0\u00bb]<\/p>\n<p><b>Le Parc National de Samaria, situ\u00e9 en Cr\u00e8te, est un v\u00e9ritable joyau naturel. Il abrite une faune et une flore exceptionnelles, ainsi que des paysages \u00e0 couper le souffle. Les visiteurs peuvent y d\u00e9couvrir des gorges spectaculaires, des for\u00eats luxuriantes et des plages isol\u00e9es.<\/b><\/p>\n<p>[\/et_pb_text][\/et_pb_column][et_pb_column type=\u00a0\u00bb1_4&Prime; _builder_version=\u00a0\u00bb4.27.4&Prime; _module_preset=\u00a0\u00bbdefault\u00a0\u00bb global_colors_info=\u00a0\u00bb{}\u00a0\u00bb][et_pb_image src=\u00a0\u00bbhttps:\/\/voyaphil.com\/wp-content\/uploads\/2025\/09\/Xiloskalos-au-Mont-Gingilos.webp\u00a0\u00bb alt=\u00a0\u00bbDe Xiloskalos au Mont Gingilos\u00a0\u00bb title_text=\u00a0\u00bbDe Xiloskalos au Mont Gingilos\u00a0\u00bb align=\u00a0\u00bbcenter\u00a0\u00bb _builder_version=\u00a0\u00bb4.27.4&Prime; _module_preset=\u00a0\u00bbdefault\u00a0\u00bb animation_style=\u00a0\u00bbfold\u00a0\u00bb border_radii=\u00a0\u00bbon|10px|10px|10px|10px\u00a0\u00bb box_shadow_style=\u00a0\u00bbpreset2&Prime; global_colors_info=\u00a0\u00bb{}\u00a0\u00bb][\/et_pb_image][et_pb_button button_url=\u00a0\u00bb@ET-DC@eyJkeW5hbWljIjp0cnVlLCJjb250ZW50IjoicG9zdF9saW5rX3VybF9wYWdlIiwic2V0dGluZ3MiOnsicG9zdF9pZCI6IjE2NDQifX0=@\u00a0\u00bb button_text=\u00a0\u00bbXiloskalos au Mont Gingilos\u00a0\u00bb button_alignment=\u00a0\u00bbcenter\u00a0\u00bb _builder_version=\u00a0\u00bb4.27.4&Prime; _dynamic_attributes=\u00a0\u00bbbutton_url\u00a0\u00bb _module_preset=\u00a0\u00bbdefault\u00a0\u00bb custom_button=\u00a0\u00bbon\u00a0\u00bb button_text_color=\u00a0\u00bb#FFFFFF\u00a0\u00bb button_bg_color=\u00a0\u00bb#4f4f4f\u00a0\u00bb button_border_color=\u00a0\u00bb#FFFFFF\u00a0\u00bb button_border_radius=\u00a0\u00bb10px\u00a0\u00bb button_font=\u00a0\u00bbPlayfair Display||||||||\u00a0\u00bb button_icon=\u00a0\u00bb&#xf57d;||fa||900&Prime; animation_style=\u00a0\u00bbzoom\u00a0\u00bb box_shadow_style=\u00a0\u00bbpreset2&Prime; global_colors_info=\u00a0\u00bb{}\u00a0\u00bb][\/et_pb_button][et_pb_text _builder_version=\u00a0\u00bb4.27.4&Prime; _module_preset=\u00a0\u00bbdefault\u00a0\u00bb text_orientation=\u00a0\u00bbcenter\u00a0\u00bb global_colors_info=\u00a0\u00bb{}\u00a0\u00bb]<\/p>\n<p><b>Le Mont Gingilos est l&rsquo;un des sommets les plus impressionnants de Cr\u00e8te, culminant \u00e0 plus de 2000 m\u00e8tres d&rsquo;altitude. La randonn\u00e9e de Xiloskalos permet de d\u00e9couvrir cette montagne majestueuse de mani\u00e8re unique. Le sentier est bien balis\u00e9 et accessible aux randonneurs de tous niveaux, m\u00eame si une certaine condition physique est requise pour atteindre le sommet.<\/b><\/p>\n<p>[\/et_pb_text][\/et_pb_column][et_pb_column type=\u00a0\u00bb1_4&Prime; _builder_version=\u00a0\u00bb4.27.4&Prime; _module_preset=\u00a0\u00bbdefault\u00a0\u00bb global_colors_info=\u00a0\u00bb{}\u00a0\u00bb][et_pb_image src=\u00a0\u00bbhttps:\/\/voyaphil.com\/wp-content\/uploads\/2025\/09\/Trek-Gorges-de-Samaria.webp\u00a0\u00bb alt=\u00a0\u00bbTrek Gorges de Samaria\u00a0\u00bb title_text=\u00a0\u00bbTrek Gorges de Samaria\u00a0\u00bb align=\u00a0\u00bbcenter\u00a0\u00bb _builder_version=\u00a0\u00bb4.27.4&Prime; _module_preset=\u00a0\u00bbdefault\u00a0\u00bb animation_style=\u00a0\u00bbfold\u00a0\u00bb border_radii=\u00a0\u00bbon|10px|10px|10px|10px\u00a0\u00bb box_shadow_style=\u00a0\u00bbpreset2&Prime; global_colors_info=\u00a0\u00bb{}\u00a0\u00bb][\/et_pb_image][et_pb_button button_url=\u00a0\u00bb@ET-DC@eyJkeW5hbWljIjp0cnVlLCJjb250ZW50IjoicG9zdF9saW5rX3VybF9wYWdlIiwic2V0dGluZ3MiOnsicG9zdF9pZCI6IjE2NjEifX0=@\u00a0\u00bb button_text=\u00a0\u00bbGorges de Samaria\u00a0\u00bb button_alignment=\u00a0\u00bbcenter\u00a0\u00bb _builder_version=\u00a0\u00bb4.27.4&Prime; _dynamic_attributes=\u00a0\u00bbbutton_url\u00a0\u00bb _module_preset=\u00a0\u00bbdefault\u00a0\u00bb custom_button=\u00a0\u00bbon\u00a0\u00bb button_text_color=\u00a0\u00bb#FFFFFF\u00a0\u00bb button_bg_color=\u00a0\u00bb#4f4f4f\u00a0\u00bb button_border_color=\u00a0\u00bb#FFFFFF\u00a0\u00bb button_border_radius=\u00a0\u00bb10px\u00a0\u00bb button_font=\u00a0\u00bbPlayfair Display||||||||\u00a0\u00bb button_icon=\u00a0\u00bb&#xf57d;||fa||900&Prime; animation_style=\u00a0\u00bbzoom\u00a0\u00bb box_shadow_style=\u00a0\u00bbpreset2&Prime; global_colors_info=\u00a0\u00bb{}\u00a0\u00bb][\/et_pb_button][et_pb_text _builder_version=\u00a0\u00bb4.27.4&Prime; _module_preset=\u00a0\u00bbdefault\u00a0\u00bb text_orientation=\u00a0\u00bbcenter\u00a0\u00bb global_colors_info=\u00a0\u00bb{}\u00a0\u00bb]<\/p>\n<p><b>Les Gorges de Samaria, situ\u00e9es en Cr\u00e8te, offrent un spectacle naturel \u00e9poustouflant. Avec leurs falaises abruptes et leur v\u00e9g\u00e9tation luxuriante, elles s&rsquo;\u00e9tendent sur pr\u00e8s de 16 kilom\u00e8tres. Les randonneurs peuvent y d\u00e9couvrir une faune et une flore riches et vari\u00e9es, ainsi que des vestiges historiques tels que l&rsquo;ancien village abandonn\u00e9 de Samaria.<\/b><\/p>\n<p>[\/et_pb_text][\/et_pb_column][et_pb_column type=\u00a0\u00bb1_4&Prime; _builder_version=\u00a0\u00bb4.27.4&Prime; _module_preset=\u00a0\u00bbdefault\u00a0\u00bb global_colors_info=\u00a0\u00bb{}\u00a0\u00bb][et_pb_image src=\u00a0\u00bbhttps:\/\/voyaphil.com\/wp-content\/uploads\/2025\/09\/Village-Agia-Roumeli-Crete.webp\u00a0\u00bb alt=\u00a0\u00bbVillage Agia Roumeli &#8211; Cr\u00e8te\u00a0\u00bb title_text=\u00a0\u00bbVillage Agia Roumeli &#8211; Cr\u00e8te\u00a0\u00bb align=\u00a0\u00bbcenter\u00a0\u00bb _builder_version=\u00a0\u00bb4.27.4&Prime; _module_preset=\u00a0\u00bbdefault\u00a0\u00bb animation_style=\u00a0\u00bbfold\u00a0\u00bb border_radii=\u00a0\u00bbon|10px|10px|10px|10px\u00a0\u00bb box_shadow_style=\u00a0\u00bbpreset2&Prime; global_colors_info=\u00a0\u00bb{}\u00a0\u00bb][\/et_pb_image][et_pb_button button_url=\u00a0\u00bb@ET-DC@eyJkeW5hbWljIjp0cnVlLCJjb250ZW50IjoicG9zdF9saW5rX3VybF9wYWdlIiwic2V0dGluZ3MiOnsicG9zdF9pZCI6IjE2ODUifX0=@\u00a0\u00bb button_text=\u00a0\u00bbAgia Roumeli\u00a0\u00bb button_alignment=\u00a0\u00bbcenter\u00a0\u00bb _builder_version=\u00a0\u00bb4.27.4&Prime; _dynamic_attributes=\u00a0\u00bbbutton_url\u00a0\u00bb _module_preset=\u00a0\u00bbdefault\u00a0\u00bb custom_button=\u00a0\u00bbon\u00a0\u00bb button_text_color=\u00a0\u00bb#FFFFFF\u00a0\u00bb button_bg_color=\u00a0\u00bb#4f4f4f\u00a0\u00bb button_border_color=\u00a0\u00bb#FFFFFF\u00a0\u00bb button_border_radius=\u00a0\u00bb10px\u00a0\u00bb button_font=\u00a0\u00bbPlayfair Display||||||||\u00a0\u00bb button_icon=\u00a0\u00bb&#xf57d;||fa||900&Prime; animation_style=\u00a0\u00bbzoom\u00a0\u00bb box_shadow_style=\u00a0\u00bbpreset2&Prime; global_colors_info=\u00a0\u00bb{}\u00a0\u00bb][\/et_pb_button][et_pb_text _builder_version=\u00a0\u00bb4.27.4&Prime; _module_preset=\u00a0\u00bbdefault\u00a0\u00bb text_orientation=\u00a0\u00bbcenter\u00a0\u00bb global_colors_info=\u00a0\u00bb{}\u00a0\u00bb]<\/p>\n<p><b>Agia Roumeli est un village pittoresque situ\u00e9 sur la c\u00f4te sud-ouest de la Cr\u00e8te, en Gr\u00e8ce. Entour\u00e9 de montagnes escarp\u00e9es et de plages, il offre un cadre idyllique pour les vacanciers en qu\u00eate de d\u00e9tente et de d\u00e9couverte.<\/b><\/p>\n<p>[\/et_pb_text][\/et_pb_column][\/et_pb_row][et_pb_row column_structure=\u00a0\u00bb1_4,1_4,1_4,1_4&Prime; _builder_version=\u00a0\u00bb4.27.4&Prime; _module_preset=\u00a0\u00bbdefault\u00a0\u00bb global_colors_info=\u00a0\u00bb{}\u00a0\u00bb][et_pb_column type=\u00a0\u00bb1_4&Prime; _builder_version=\u00a0\u00bb4.27.4&Prime; _module_preset=\u00a0\u00bbdefault\u00a0\u00bb global_colors_info=\u00a0\u00bb{}\u00a0\u00bb][et_pb_image src=\u00a0\u00bbhttps:\/\/voyaphil.com\/wp-content\/uploads\/2025\/09\/rando-Agia-Roumeli-Plage-de-Marmara-Loutro.webp\u00a0\u00bb alt=\u00a0\u00bbrando Agia Roumeli &#8211; Plage de Marmara &#8211; Loutro\u00a0\u00bb title_text=\u00a0\u00bbrando Agia Roumeli &#8211; Plage de Marmara &#8211; Loutro\u00a0\u00bb align=\u00a0\u00bbcenter\u00a0\u00bb _builder_version=\u00a0\u00bb4.27.4&Prime; _module_preset=\u00a0\u00bbdefault\u00a0\u00bb animation_style=\u00a0\u00bbfold\u00a0\u00bb border_radii=\u00a0\u00bbon|10px|10px|10px|10px\u00a0\u00bb box_shadow_style=\u00a0\u00bbpreset2&Prime; global_colors_info=\u00a0\u00bb{}\u00a0\u00bb][\/et_pb_image][et_pb_button button_url=\u00a0\u00bb@ET-DC@eyJkeW5hbWljIjp0cnVlLCJjb250ZW50IjoicG9zdF9saW5rX3VybF9wYWdlIiwic2V0dGluZ3MiOnsicG9zdF9pZCI6IjE3MTQifX0=@\u00a0\u00bb button_text=\u00a0\u00bbAgia Roumeli &#8211; Plage de Marmara &#8211; Loutro\u00a0\u00bb button_alignment=\u00a0\u00bbcenter\u00a0\u00bb _builder_version=\u00a0\u00bb4.27.4&Prime; _dynamic_attributes=\u00a0\u00bbbutton_url\u00a0\u00bb _module_preset=\u00a0\u00bbdefault\u00a0\u00bb custom_button=\u00a0\u00bbon\u00a0\u00bb button_text_color=\u00a0\u00bb#FFFFFF\u00a0\u00bb button_bg_color=\u00a0\u00bb#4f4f4f\u00a0\u00bb button_border_color=\u00a0\u00bb#FFFFFF\u00a0\u00bb button_border_radius=\u00a0\u00bb10px\u00a0\u00bb button_font=\u00a0\u00bbPlayfair Display||||||||\u00a0\u00bb button_icon=\u00a0\u00bb&#xf57d;||fa||900&Prime; animation_style=\u00a0\u00bbzoom\u00a0\u00bb box_shadow_style=\u00a0\u00bbpreset2&Prime; global_colors_info=\u00a0\u00bb{}\u00a0\u00bb][\/et_pb_button][et_pb_text _builder_version=\u00a0\u00bb4.27.4&Prime; _module_preset=\u00a0\u00bbdefault\u00a0\u00bb text_orientation=\u00a0\u00bbcenter\u00a0\u00bb global_colors_info=\u00a0\u00bb{}\u00a0\u00bb]<\/p>\n<p><b>La randonn\u00e9e Agia Roumeli &#8211; Plage de Marmara &#8211; Loutro en Cr\u00e8te offre une exp\u00e9rience inoubliable aux amateurs de nature et de paysages spectaculaires. Cette excursion de plusieurs heures permet de d\u00e9couvrir les merveilles de la c\u00f4te sud-ouest de l&rsquo;\u00eele, entre falaises escarp\u00e9es, criques isol\u00e9es et eaux cristallines.<\/b><\/p>\n<p>[\/et_pb_text][\/et_pb_column][et_pb_column type=\u00a0\u00bb1_4&Prime; _builder_version=\u00a0\u00bb4.27.4&Prime; _module_preset=\u00a0\u00bbdefault\u00a0\u00bb global_colors_info=\u00a0\u00bb{}\u00a0\u00bb][et_pb_image src=\u00a0\u00bbhttps:\/\/voyaphil.com\/wp-content\/uploads\/2025\/09\/Trek-Mont-Psiloritis.webp\u00a0\u00bb alt=\u00a0\u00bbTrek Mont Psiloritis\u00a0\u00bb title_text=\u00a0\u00bbTrek Mont Psiloritis\u00a0\u00bb align=\u00a0\u00bbcenter\u00a0\u00bb _builder_version=\u00a0\u00bb4.27.4&Prime; _module_preset=\u00a0\u00bbdefault\u00a0\u00bb animation_style=\u00a0\u00bbfold\u00a0\u00bb border_radii=\u00a0\u00bbon|10px|10px|10px|10px\u00a0\u00bb box_shadow_style=\u00a0\u00bbpreset2&Prime; global_colors_info=\u00a0\u00bb{}\u00a0\u00bb][\/et_pb_image][et_pb_button button_url=\u00a0\u00bb@ET-DC@eyJkeW5hbWljIjp0cnVlLCJjb250ZW50IjoicG9zdF9saW5rX3VybF9wYWdlIiwic2V0dGluZ3MiOnsicG9zdF9pZCI6IjE3MjcifX0=@\u00a0\u00bb button_text=\u00a0\u00bbMont Psiloritis\u00a0\u00bb button_alignment=\u00a0\u00bbcenter\u00a0\u00bb _builder_version=\u00a0\u00bb4.27.4&Prime; _dynamic_attributes=\u00a0\u00bbbutton_url\u00a0\u00bb _module_preset=\u00a0\u00bbdefault\u00a0\u00bb custom_button=\u00a0\u00bbon\u00a0\u00bb button_text_color=\u00a0\u00bb#FFFFFF\u00a0\u00bb button_bg_color=\u00a0\u00bb#4f4f4f\u00a0\u00bb button_border_color=\u00a0\u00bb#FFFFFF\u00a0\u00bb button_border_radius=\u00a0\u00bb10px\u00a0\u00bb button_font=\u00a0\u00bbPlayfair Display||||||||\u00a0\u00bb button_icon=\u00a0\u00bb&#xf57d;||fa||900&Prime; animation_style=\u00a0\u00bbzoom\u00a0\u00bb box_shadow_style=\u00a0\u00bbpreset2&Prime; global_colors_info=\u00a0\u00bb{}\u00a0\u00bb][\/et_pb_button][et_pb_text _builder_version=\u00a0\u00bb4.27.4&Prime; _module_preset=\u00a0\u00bbdefault\u00a0\u00bb text_orientation=\u00a0\u00bbcenter\u00a0\u00bb global_colors_info=\u00a0\u00bb{}\u00a0\u00bb]<\/p>\n<p><b>Nich\u00e9 au c\u0153ur de la Cr\u00e8te, le Mont Psiloritis est une destination incontournable pour les amoureux de la nature. Ce sommet imposant, haut de 2456 m\u00e8tres, est entour\u00e9 de paysages \u00e9poustouflants. Les visiteurs peuvent y d\u00e9couvrir une faune et une flore riches et diversifi\u00e9es, ainsi que des vestiges arch\u00e9ologiques t\u00e9moignant de l&rsquo;histoire mill\u00e9naire de la r\u00e9gion.<\/b><\/p>\n<p>[\/et_pb_text][\/et_pb_column][et_pb_column type=\u00a0\u00bb1_4&Prime; _builder_version=\u00a0\u00bb4.27.4&Prime; _module_preset=\u00a0\u00bbdefault\u00a0\u00bb global_colors_info=\u00a0\u00bb{}\u00a0\u00bb][\/et_pb_column][et_pb_column type=\u00a0\u00bb1_4&Prime; _builder_version=\u00a0\u00bb4.27.4&Prime; _module_preset=\u00a0\u00bbdefault\u00a0\u00bb global_colors_info=\u00a0\u00bb{}\u00a0\u00bb][\/et_pb_column][\/et_pb_row][\/et_pb_section]<\/p>\n","protected":false},"excerpt":{"rendered":"<p>\ud83c\udfdd\ufe0f La Cr\u00e8te : entre mythes antiques et mer turquoise \ud83d\udccd G\u00e9ographie et identit\u00e9 Plus grande \u00eele de Gr\u00e8ce, situ\u00e9e au sud du pays, entre la mer \u00c9g\u00e9e et la mer de Libye. Elle s\u2019\u00e9tend sur plus de 260 km de long mais reste \u00e9troite du nord au sud. Son relief est montagneux, avec des [&hellip;]<\/p>\n","protected":false},"author":1,"featured_media":0,"parent":0,"menu_order":0,"comment_status":"closed","ping_status":"closed","template":"","meta":{"_seopress_robots_primary_cat":"","_seopress_titles_title":"Cr\u00e8te : \u00eele des l\u00e9gendes et des paysages m\u00e9diterran\u00e9ens","_seopress_titles_desc":"Cr\u00e8te, \u00eele grecque aux mille visages : d\u00e9couvrez ses plages, ses villages et ses traditions, entre mer et montagnes.","_seopress_robots_index":"","_et_pb_use_builder":"on","_et_pb_old_content":"","_et_gb_content_width":"","footnotes":""},"class_list":["post-1508","page","type-page","status-publish","hentry"],"_links":{"self":[{"href":"https:\/\/voyaphil.com\/en\/wp-json\/wp\/v2\/pages\/1508","targetHints":{"allow":["GET"]}}],"collection":[{"href":"https:\/\/voyaphil.com\/en\/wp-json\/wp\/v2\/pages"}],"about":[{"href":"https:\/\/voyaphil.com\/en\/wp-json\/wp\/v2\/types\/page"}],"author":[{"embeddable":true,"href":"https:\/\/voyaphil.com\/en\/wp-json\/wp\/v2\/users\/1"}],"replies":[{"embeddable":true,"href":"https:\/\/voyaphil.com\/en\/wp-json\/wp\/v2\/comments?post=1508"}],"version-history":[{"count":19,"href":"https:\/\/voyaphil.com\/en\/wp-json\/wp\/v2\/pages\/1508\/revisions"}],"predecessor-version":[{"id":3114,"href":"https:\/\/voyaphil.com\/en\/wp-json\/wp\/v2\/pages\/1508\/revisions\/3114"}],"wp:attachment":[{"href":"https:\/\/voyaphil.com\/en\/wp-json\/wp\/v2\/media?parent=1508"}],"curies":[{"name":"wp","href":"https:\/\/api.w.org\/{rel}","templated":true}]}}