{"id":267,"date":"2025-08-29T08:38:52","date_gmt":"2025-08-29T08:38:52","guid":{"rendered":"https:\/\/voyaphil.com\/?page_id=267"},"modified":"2025-12-05T21:09:02","modified_gmt":"2025-12-05T21:09:02","slug":"reserve-naturelle-darjuzanx","status":"publish","type":"page","link":"https:\/\/voyaphil.com\/en\/reserve-naturelle-darjuzanx\/","title":{"rendered":"R\u00e9serve Naturelle d&rsquo;Arjuzanx"},"content":{"rendered":"<p>[et_pb_section fb_built=\u00a0\u00bb1&Prime; _builder_version=\u00a0\u00bb4.27.4&Prime; _module_preset=\u00a0\u00bbdefault\u00a0\u00bb background_image=\u00a0\u00bbhttps:\/\/voyaphil.com\/wp-content\/uploads\/2025\/08\/Lac-dArjuzanx.jpg\u00a0\u00bb global_colors_info=\u00a0\u00bb{}\u00a0\u00bb][et_pb_row _builder_version=\u00a0\u00bb4.27.4&Prime; _module_preset=\u00a0\u00bbdefault\u00a0\u00bb global_colors_info=\u00a0\u00bb{}\u00a0\u00bb][et_pb_column type=\u00a0\u00bb4_4&Prime; _builder_version=\u00a0\u00bb4.27.4&Prime; _module_preset=\u00a0\u00bbdefault\u00a0\u00bb global_colors_info=\u00a0\u00bb{}\u00a0\u00bb][et_pb_heading title=\u00a0\u00bbR\u00e9serve Naturelle d&rsquo;Arjuzanx\u00a0\u00bb _builder_version=\u00a0\u00bb4.27.4&Prime; _module_preset=\u00a0\u00bbdefault\u00a0\u00bb title_font=\u00a0\u00bbPlayfair Display||||||||\u00a0\u00bb title_text_align=\u00a0\u00bbcenter\u00a0\u00bb title_text_color=\u00a0\u00bb#FFFFFF\u00a0\u00bb title_text_shadow_style=\u00a0\u00bbpreset2&Prime; global_colors_info=\u00a0\u00bb{}\u00a0\u00bb][\/et_pb_heading][\/et_pb_column][\/et_pb_row][et_pb_row _builder_version=\u00a0\u00bb4.27.4&Prime; _module_preset=\u00a0\u00bbdefault\u00a0\u00bb custom_margin=\u00a0\u00bb87px|auto||auto||\u00a0\u00bb global_colors_info=\u00a0\u00bb{}\u00a0\u00bb][et_pb_column type=\u00a0\u00bb4_4&Prime; _builder_version=\u00a0\u00bb4.27.4&Prime; _module_preset=\u00a0\u00bbdefault\u00a0\u00bb global_colors_info=\u00a0\u00bb{}\u00a0\u00bb][et_pb_heading title=\u00a0\u00bbBienvenue dans la R\u00e9serve Naturelle Nationale d&rsquo;Arjuzanx\u00a0\u00bb _builder_version=\u00a0\u00bb4.27.4&Prime; _module_preset=\u00a0\u00bbdefault\u00a0\u00bb title_level=\u00a0\u00bbh2&Prime; title_font=\u00a0\u00bbPlayfair Display||||||||\u00a0\u00bb title_text_align=\u00a0\u00bbcenter\u00a0\u00bb title_text_color=\u00a0\u00bb#FFFFFF\u00a0\u00bb title_text_shadow_style=\u00a0\u00bbpreset2&Prime; global_colors_info=\u00a0\u00bb{}\u00a0\u00bb][\/et_pb_heading][\/et_pb_column][\/et_pb_row][\/et_pb_section][et_pb_section fb_built=\u00a0\u00bb1&Prime; _builder_version=\u00a0\u00bb4.27.4&Prime; _module_preset=\u00a0\u00bbdefault\u00a0\u00bb global_colors_info=\u00a0\u00bb{}\u00a0\u00bb][et_pb_row column_structure=\u00a0\u00bb1_2,1_2&Prime; _builder_version=\u00a0\u00bb4.27.4&Prime; _module_preset=\u00a0\u00bbdefault\u00a0\u00bb global_colors_info=\u00a0\u00bb{}\u00a0\u00bb][et_pb_column type=\u00a0\u00bb1_2&Prime; _builder_version=\u00a0\u00bb4.27.4&Prime; _module_preset=\u00a0\u00bbdefault\u00a0\u00bb global_colors_info=\u00a0\u00bb{}\u00a0\u00bb][et_pb_text _builder_version=\u00a0\u00bb4.27.4&Prime; _module_preset=\u00a0\u00bbdefault\u00a0\u00bb text_orientation=\u00a0\u00bbjustified\u00a0\u00bb global_colors_info=\u00a0\u00bb{}\u00a0\u00bb]<\/p>\n<p><b>La R\u00e9serve Naturelle Nationale d&rsquo;Arjuzanx : Un sanctuaire \u00e9cologique des Landes situ\u00e9e pr\u00e8s de Morcenx-la-Nouvelle en Nouvelle-Aquitaine, la R\u00e9serve Naturelle Nationale d&rsquo;Arjuzanx s&rsquo;\u00e9tend sur 2 205 hectares. Officiellement class\u00e9e le 2 septembre 2022, cette r\u00e9serve offre un \u00e9cosyst\u00e8me remarquable issu d&rsquo;une ancienne zone d&rsquo;exploitation mini\u00e8re.<\/b><\/p>\n<div>\n<p><b>\u00a0<\/b><\/p>\n<div>\n<p><b>Patrimoine naturel exceptionnel :<\/b><\/p>\n<ul>\n<li><b>Paysages diversifi\u00e9s : for\u00eats, zones humides et landes<\/b><\/li>\n<li><b>Lac artificiel transform\u00e9 en habitat \u00e9cologique majeur<\/b><\/li>\n<li><b>Site strat\u00e9gique pour les Grues Cendr\u00e9es migrateurs<\/b><\/li>\n<\/ul>\n<p><b>Activit\u00e9s et D\u00e9couvertes :<\/b><\/p>\n<ul>\n<li><b>Randonn\u00e9es p\u00e9destres, cyclistes et \u00e9questres<\/b><\/li>\n<li><b>Baignade dans le lac<\/b><\/li>\n<li><b>Animations naturalistes guid\u00e9es<\/b><\/li>\n<\/ul>\n<p><b>Informations pratiques :<\/b><\/p>\n<ul>\n<li><b>Adresse : Route de la For\u00eat, 40110 Morcenx-la-Nouvelle.<\/b><\/li>\n<li><b>Contact : +33 (0)5 58 08 11 52<\/b><\/li>\n<li><b>Site web officiel disponible pour plus de d\u00e9tails :\u00a0<\/b><a href=\"https:\/\/www.reserve-arjuzanx.fr\/\">https:\/\/www.reserve-arjuzanx.fr\/<\/a><\/li>\n<\/ul>\n<\/div>\n<\/div>\n<p>[\/et_pb_text][\/et_pb_column][et_pb_column type=\u00a0\u00bb1_2&Prime; _builder_version=\u00a0\u00bb4.27.4&Prime; _module_preset=\u00a0\u00bbdefault\u00a0\u00bb global_colors_info=\u00a0\u00bb{}\u00a0\u00bb][et_pb_code _builder_version=\u00a0\u00bb4.27.4&Prime; _module_preset=\u00a0\u00bbdefault\u00a0\u00bb global_colors_info=\u00a0\u00bb{}\u00a0\u00bb]<iframe src=\"https:\/\/www.google.com\/maps\/embed?pb=!1m18!1m12!1m3!1d9650.544522009612!2d-0.8579884075038761!3d44.018830944747755!2m3!1f0!2f0!3f0!3m2!1i1024!2i768!4f13.1!3m3!1m2!1s0xd543c323a2378a7%3A0xcf7f9874d22dfa14!2sR%C3%A9serve%20Naturelle%20Nationale%20d&#39;Arjuzanx!5e0!3m2!1sfr!2sfr!4v1756500635783!5m2!1sfr!2sfr\" width=\"600\" height=\"450\" style=\"border:0;\" allowfullscreen=\"\" loading=\"lazy\" referrerpolicy=\"no-referrer-when-downgrade\"><\/iframe>[\/et_pb_code][\/et_pb_column][\/et_pb_row][\/et_pb_section][et_pb_section fb_built=\u00a0\u00bb1&Prime; _builder_version=\u00a0\u00bb4.27.4&Prime; _module_preset=\u00a0\u00bbdefault\u00a0\u00bb global_colors_info=\u00a0\u00bb{}\u00a0\u00bb][et_pb_row _builder_version=\u00a0\u00bb4.27.5&Prime; _module_preset=\u00a0\u00bbdefault\u00a0\u00bb][et_pb_column _builder_version=\u00a0\u00bb4.27.5&Prime; _module_preset=\u00a0\u00bbdefault\u00a0\u00bb type=\u00a0\u00bb4_4&Prime;][et_pb_heading title=\u00a0\u00bbR\u00e9serve Naturelle d\u2019Arjuzanx en vid\u00e9o\u00a0\u00bb _builder_version=\u00a0\u00bb4.27.5&Prime; _module_preset=\u00a0\u00bbdefault\u00a0\u00bb title_level=\u00a0\u00bbh3&Prime; title_font=\u00a0\u00bbPlayfair Display||||||||\u00a0\u00bb title_text_align=\u00a0\u00bbcenter\u00a0\u00bb hover_enabled=\u00a0\u00bb0&Prime; sticky_enabled=\u00a0\u00bb0&Prime;][\/et_pb_heading][\/et_pb_column][\/et_pb_row][et_pb_row _builder_version=\u00a0\u00bb4.27.4&Prime; _module_preset=\u00a0\u00bbdefault\u00a0\u00bb global_colors_info=\u00a0\u00bb{}\u00a0\u00bb][et_pb_column type=\u00a0\u00bb4_4&Prime; _builder_version=\u00a0\u00bb4.27.4&Prime; _module_preset=\u00a0\u00bbdefault\u00a0\u00bb global_colors_info=\u00a0\u00bb{}\u00a0\u00bb][et_pb_video src=\u00a0\u00bbhttps:\/\/www.youtube.com\/watch?v=US_zh9tjDM4&Prime; _builder_version=\u00a0\u00bb4.27.4&Prime; _module_preset=\u00a0\u00bbdefault\u00a0\u00bb border_radii=\u00a0\u00bbon|10px|10px|10px|10px\u00a0\u00bb global_colors_info=\u00a0\u00bb{}\u00a0\u00bb][\/et_pb_video][\/et_pb_column][\/et_pb_row][\/et_pb_section]<\/p>\n","protected":false},"excerpt":{"rendered":"<p>La R\u00e9serve Naturelle Nationale d&rsquo;Arjuzanx : Un sanctuaire \u00e9cologique des Landes situ\u00e9e pr\u00e8s de Morcenx-la-Nouvelle en Nouvelle-Aquitaine, la R\u00e9serve Naturelle Nationale d&rsquo;Arjuzanx s&rsquo;\u00e9tend sur 2 205 hectares. Officiellement class\u00e9e le 2 septembre 2022, cette r\u00e9serve offre un \u00e9cosyst\u00e8me remarquable issu d&rsquo;une ancienne zone d&rsquo;exploitation mini\u00e8re. \u00a0 Patrimoine naturel exceptionnel : Paysages diversifi\u00e9s : for\u00eats, zones [&hellip;]<\/p>\n","protected":false},"author":1,"featured_media":0,"parent":0,"menu_order":0,"comment_status":"closed","ping_status":"closed","template":"","meta":{"_seopress_robots_primary_cat":"","_seopress_titles_title":"R\u00e9serve d\u2019Arjuzanx : sanctuaire \u00e9cologique des Landes","_seopress_titles_desc":"Arjuzanx : r\u00e9cit et vid\u00e9o d\u2019une r\u00e9serve naturelle unique, o\u00f9 l\u2019\u00e9cologie et la beaut\u00e9 se rencontrent.","_seopress_robots_index":"","_et_pb_use_builder":"on","_et_pb_old_content":"","_et_gb_content_width":"","footnotes":""},"class_list":["post-267","page","type-page","status-publish","hentry"],"_links":{"self":[{"href":"https:\/\/voyaphil.com\/en\/wp-json\/wp\/v2\/pages\/267","targetHints":{"allow":["GET"]}}],"collection":[{"href":"https:\/\/voyaphil.com\/en\/wp-json\/wp\/v2\/pages"}],"about":[{"href":"https:\/\/voyaphil.com\/en\/wp-json\/wp\/v2\/types\/page"}],"author":[{"embeddable":true,"href":"https:\/\/voyaphil.com\/en\/wp-json\/wp\/v2\/users\/1"}],"replies":[{"embeddable":true,"href":"https:\/\/voyaphil.com\/en\/wp-json\/wp\/v2\/comments?post=267"}],"version-history":[{"count":7,"href":"https:\/\/voyaphil.com\/en\/wp-json\/wp\/v2\/pages\/267\/revisions"}],"predecessor-version":[{"id":3167,"href":"https:\/\/voyaphil.com\/en\/wp-json\/wp\/v2\/pages\/267\/revisions\/3167"}],"wp:attachment":[{"href":"https:\/\/voyaphil.com\/en\/wp-json\/wp\/v2\/media?parent=267"}],"curies":[{"name":"wp","href":"https:\/\/api.w.org\/{rel}","templated":true}]}}