{"id":557,"date":"2025-08-29T21:25:44","date_gmt":"2025-08-29T21:25:44","guid":{"rendered":"https:\/\/voyaphil.com\/?page_id=557"},"modified":"2025-12-04T18:35:07","modified_gmt":"2025-12-04T18:35:07","slug":"chateau-garreau","status":"publish","type":"page","link":"https:\/\/voyaphil.com\/en\/chateau-garreau\/","title":{"rendered":"Ch\u00e2teau Garreau"},"content":{"rendered":"<p>[et_pb_section fb_built=\u00a0\u00bb1&Prime; _builder_version=\u00a0\u00bb4.27.4&Prime; _module_preset=\u00a0\u00bbdefault\u00a0\u00bb background_image=\u00a0\u00bbhttps:\/\/voyaphil.com\/wp-content\/uploads\/2025\/08\/Vigneron-1.webp\u00a0\u00bb global_colors_info=\u00a0\u00bb{}\u00a0\u00bb][et_pb_row _builder_version=\u00a0\u00bb4.27.4&Prime; _module_preset=\u00a0\u00bbdefault\u00a0\u00bb global_colors_info=\u00a0\u00bb{}\u00a0\u00bb][et_pb_column type=\u00a0\u00bb4_4&Prime; _builder_version=\u00a0\u00bb4.27.4&Prime; _module_preset=\u00a0\u00bbdefault\u00a0\u00bb global_colors_info=\u00a0\u00bb{}\u00a0\u00bb][et_pb_heading title=\u00a0\u00bbCh\u00e2teau Garreau\u00a0\u00bb _builder_version=\u00a0\u00bb4.27.4&Prime; _module_preset=\u00a0\u00bbdefault\u00a0\u00bb title_font=\u00a0\u00bbPlayfair Display||||||||\u00a0\u00bb title_text_align=\u00a0\u00bbcenter\u00a0\u00bb title_text_color=\u00a0\u00bb#FFFFFF\u00a0\u00bb title_text_shadow_style=\u00a0\u00bbpreset2&Prime; global_colors_info=\u00a0\u00bb{}\u00a0\u00bb][\/et_pb_heading][\/et_pb_column][\/et_pb_row][et_pb_row _builder_version=\u00a0\u00bb4.27.4&Prime; _module_preset=\u00a0\u00bbdefault\u00a0\u00bb custom_margin=\u00a0\u00bb351px|auto||auto||\u00a0\u00bb global_colors_info=\u00a0\u00bb{}\u00a0\u00bb][et_pb_column type=\u00a0\u00bb4_4&Prime; _builder_version=\u00a0\u00bb4.27.4&Prime; _module_preset=\u00a0\u00bbdefault\u00a0\u00bb global_colors_info=\u00a0\u00bb{}\u00a0\u00bb][et_pb_heading title=\u00a0\u00bbBienvenue au Ch\u00e2teau Garreau, prestige de l&rsquo;Armagnac\u00a0\u00bb _builder_version=\u00a0\u00bb4.27.4&Prime; _module_preset=\u00a0\u00bbdefault\u00a0\u00bb title_level=\u00a0\u00bbh2&Prime; title_font=\u00a0\u00bbPlayfair Display||||||||\u00a0\u00bb title_text_align=\u00a0\u00bbcenter\u00a0\u00bb title_text_color=\u00a0\u00bb#FFFFFF\u00a0\u00bb title_text_shadow_style=\u00a0\u00bbpreset2&Prime; global_colors_info=\u00a0\u00bb{}\u00a0\u00bb][\/et_pb_heading][\/et_pb_column][\/et_pb_row][\/et_pb_section][et_pb_section fb_built=\u00a0\u00bb1&Prime; _builder_version=\u00a0\u00bb4.27.4&Prime; _module_preset=\u00a0\u00bbdefault\u00a0\u00bb global_colors_info=\u00a0\u00bb{}\u00a0\u00bb][et_pb_row column_structure=\u00a0\u00bb1_2,1_2&Prime; _builder_version=\u00a0\u00bb4.27.4&Prime; _module_preset=\u00a0\u00bbdefault\u00a0\u00bb global_colors_info=\u00a0\u00bb{}\u00a0\u00bb][et_pb_column type=\u00a0\u00bb1_2&Prime; _builder_version=\u00a0\u00bb4.27.4&Prime; _module_preset=\u00a0\u00bbdefault\u00a0\u00bb global_colors_info=\u00a0\u00bb{}\u00a0\u00bb][et_pb_text _builder_version=\u00a0\u00bb4.27.4&Prime; _module_preset=\u00a0\u00bbdefault\u00a0\u00bb text_orientation=\u00a0\u00bbjustified\u00a0\u00bb global_colors_info=\u00a0\u00bb{}\u00a0\u00bb]<\/p>\n<p><span style=\"color: #3366ff;\"><b><i>Ch\u00e2teau Garreau : Un Joyau de l&rsquo;Armagnac<\/i><\/b><\/span><\/p>\n<div>\n<p><b>Situ\u00e9 au c\u0153ur du Bas-Armagnac, le Ch\u00e2teau Garreau est l&rsquo;un des fleurons de la production d&rsquo;Armagnac. Nich\u00e9 \u00e0 Labastide-d&rsquo;Armagnac, ce domaine familial s&rsquo;\u00e9tend sur 82 hectares, dont 27 hectares de vignes d\u00e9di\u00e9es principalement \u00e0 l&rsquo;Armagnac. Depuis 1919, la famille Garreau perp\u00e9tue un savoir-faire ancestral, alliant tradition et modernit\u00e9 pour produire des Armagnacs d&rsquo;exception.<\/b><\/p>\n<div><span style=\"color: #3366ff;\"><b>Un Terroir Unique<\/b><\/span><\/div>\n<div><b>Le Ch\u00e2teau Garreau b\u00e9n\u00e9ficie d&rsquo;un terroir exceptionnel, les fameux \u00ab\u00a0sables fauves\u00a0\u00bb, un sol sablo-limoneux de couleur ocre, id\u00e9al pour la viticulture. Ce terroir unique conf\u00e8re aux Armagnacs du domaine des notes fruit\u00e9es et une complexit\u00e9 aromatique in\u00e9gal\u00e9e.<\/b><\/div>\n<div><span style=\"color: #3366ff;\"><b>L&rsquo;\u00c9comus\u00e9e de l&rsquo;Armagnac<\/b><\/span><\/div>\n<div><b>Le domaine abrite \u00e9galement l&rsquo;\u00c9comus\u00e9e de l&rsquo;Armagnac, un lieu d\u00e9di\u00e9 \u00e0 la promotion et \u00e0 la pr\u00e9servation de l&rsquo;histoire et des traditions de cette eau-de-vie. Les visiteurs peuvent y d\u00e9couvrir le mus\u00e9e du vigneron, le mus\u00e9e des alambics, ainsi que des expositions permanentes et temporaires. Un parcours nature autour des \u00e9tangs du domaine offre une exp\u00e9rience immersive dans la beaut\u00e9 naturelle de la r\u00e9gion.<\/b><\/div>\n<div><span style=\"color: #3366ff;\"><b>Distillation et Vieillissement<\/b><\/span><\/div>\n<div><b>Le Ch\u00e2teau Garreau utilise des alambics armagnacais datant de 1919 et 1932, toujours en service, pour distiller son Armagnac. L&rsquo;eau-de-vie est ensuite vieillie dans un chai souterrain centenaire, offrant des conditions id\u00e9ales pour le d\u00e9veloppement de ses ar\u00f4mes complexes.<\/b><\/div>\n<div><span style=\"color: #3366ff;\"><b>Activit\u00e9s et \u0152notourisme<\/b><\/span><\/div>\n<div><b>Le domaine propose une vari\u00e9t\u00e9 d&rsquo;activit\u00e9s \u0153notouristiques, notamment des visites guid\u00e9es, des d\u00e9gustations et m\u00eame un escape game intitul\u00e9 \u00ab\u00a0Armagnac : Mission Distillation\u00a0\u00bb. Les visiteurs peuvent \u00e9galement participer \u00e0 des \u00e9v\u00e9nements saisonniers, tels que des repas au pied de l&rsquo;alambic lors de la distillation et des march\u00e9s nocturnes en \u00e9t\u00e9.<\/b><\/div>\n<div><span style=\"color: #3366ff;\"><b>Engagement Environnemental<\/b><\/span><\/div>\n<div><b>Le Ch\u00e2teau Garreau est engag\u00e9 dans une viticulture respectueuse de l&rsquo;environnement et a obtenu le label Haute Valeur Environnementale. Ce label reconna\u00eet les pratiques durables du domaine et son attention particuli\u00e8re \u00e0 la biodiversit\u00e9.<\/b><\/div>\n<div><span style=\"color: #3366ff;\"><b>Produits<\/b><\/span><\/div>\n<div><b>En plus de l&rsquo;Armagnac, le Ch\u00e2teau Garreau produit \u00e9galement du Floc de Gascogne, une boisson ap\u00e9ritive traditionnelle, ainsi que d&rsquo;autres produits r\u00e9gionaux. La boutique du domaine et la boutique en ligne offrent une s\u00e9lection de ces produits pour les amateurs de spiritueux et de gastronomie.<\/b><\/div>\n<\/div>\n<p>[\/et_pb_text][\/et_pb_column][et_pb_column type=\u00a0\u00bb1_2&Prime; _builder_version=\u00a0\u00bb4.27.4&Prime; _module_preset=\u00a0\u00bbdefault\u00a0\u00bb global_colors_info=\u00a0\u00bb{}\u00a0\u00bb][et_pb_code _builder_version=\u00a0\u00bb4.27.4&Prime; _module_preset=\u00a0\u00bbdefault\u00a0\u00bb global_colors_info=\u00a0\u00bb{}\u00a0\u00bb]<iframe src=\"https:\/\/www.google.com\/maps\/embed?pb=!1m18!1m12!1m3!1d5745.736590264109!2d-0.17864208147847604!3d43.94139931278503!2m3!1f0!2f0!3f0!3m2!1i1024!2i768!4f13.1!3m3!1m2!1s0xd55e562e12389f1%3A0x110cb41c2e558ec6!2sCHATEAU%20GARREAU!5e0!3m2!1sfr!2sfr!4v1756502526480!5m2!1sfr!2sfr\" width=\"600\" height=\"450\" style=\"border:0;\" allowfullscreen=\"\" loading=\"lazy\" referrerpolicy=\"no-referrer-when-downgrade\"><\/iframe>[\/et_pb_code][\/et_pb_column][\/et_pb_row][\/et_pb_section][et_pb_section fb_built=\u00a0\u00bb1&Prime; _builder_version=\u00a0\u00bb4.27.4&Prime; _module_preset=\u00a0\u00bbdefault\u00a0\u00bb global_colors_info=\u00a0\u00bb{}\u00a0\u00bb][et_pb_row _builder_version=\u00a0\u00bb4.27.4&Prime; _module_preset=\u00a0\u00bbdefault\u00a0\u00bb][et_pb_column _builder_version=\u00a0\u00bb4.27.4&Prime; _module_preset=\u00a0\u00bbdefault\u00a0\u00bb type=\u00a0\u00bb4_4&Prime;][et_pb_heading title=\u00a0\u00bbCh\u00e2teau Garreau en vid\u00e9o\u00a0\u00bb _builder_version=\u00a0\u00bb4.27.4&Prime; _module_preset=\u00a0\u00bbdefault\u00a0\u00bb title_level=\u00a0\u00bbh3&Prime; title_font=\u00a0\u00bbPlayfair Display||||||||\u00a0\u00bb title_text_align=\u00a0\u00bbcenter\u00a0\u00bb hover_enabled=\u00a0\u00bb0&Prime; sticky_enabled=\u00a0\u00bb0&Prime;][\/et_pb_heading][\/et_pb_column][\/et_pb_row][et_pb_row _builder_version=\u00a0\u00bb4.27.4&Prime; _module_preset=\u00a0\u00bbdefault\u00a0\u00bb global_colors_info=\u00a0\u00bb{}\u00a0\u00bb][et_pb_column type=\u00a0\u00bb4_4&Prime; _builder_version=\u00a0\u00bb4.27.4&Prime; _module_preset=\u00a0\u00bbdefault\u00a0\u00bb global_colors_info=\u00a0\u00bb{}\u00a0\u00bb][et_pb_video src=\u00a0\u00bbhttps:\/\/www.youtube.com\/watch?v=l90Jbv7iXdU\u00a0\u00bb _builder_version=\u00a0\u00bb4.27.4&Prime; _module_preset=\u00a0\u00bbdefault\u00a0\u00bb border_radii=\u00a0\u00bbon|10px|10px|10px|10px\u00a0\u00bb global_colors_info=\u00a0\u00bb{}\u00a0\u00bb][\/et_pb_video][\/et_pb_column][\/et_pb_row][\/et_pb_section]<\/p>\n","protected":false},"excerpt":{"rendered":"<p>Ch\u00e2teau Garreau : Un Joyau de l&rsquo;Armagnac Situ\u00e9 au c\u0153ur du Bas-Armagnac, le Ch\u00e2teau Garreau est l&rsquo;un des fleurons de la production d&rsquo;Armagnac. Nich\u00e9 \u00e0 Labastide-d&rsquo;Armagnac, ce domaine familial s&rsquo;\u00e9tend sur 82 hectares, dont 27 hectares de vignes d\u00e9di\u00e9es principalement \u00e0 l&rsquo;Armagnac. Depuis 1919, la famille Garreau perp\u00e9tue un savoir-faire ancestral, alliant tradition et modernit\u00e9 [&hellip;]<\/p>\n","protected":false},"author":1,"featured_media":0,"parent":0,"menu_order":0,"comment_status":"closed","ping_status":"closed","template":"","meta":{"_seopress_robots_primary_cat":"","_seopress_titles_title":"Ch\u00e2teau Garreau : joyau du Bas-Armagnac en vid\u00e9o","_seopress_titles_desc":"Ch\u00e2teau Garreau, au c\u0153ur du Bas-Armagnac. D\u00e9couvrez ce joyau de la production d\u2019Armagnac \u00e0 travers une vid\u00e9o immersive.","_seopress_robots_index":"","_et_pb_use_builder":"on","_et_pb_old_content":"","_et_gb_content_width":"","footnotes":""},"class_list":["post-557","page","type-page","status-publish","hentry"],"_links":{"self":[{"href":"https:\/\/voyaphil.com\/en\/wp-json\/wp\/v2\/pages\/557","targetHints":{"allow":["GET"]}}],"collection":[{"href":"https:\/\/voyaphil.com\/en\/wp-json\/wp\/v2\/pages"}],"about":[{"href":"https:\/\/voyaphil.com\/en\/wp-json\/wp\/v2\/types\/page"}],"author":[{"embeddable":true,"href":"https:\/\/voyaphil.com\/en\/wp-json\/wp\/v2\/users\/1"}],"replies":[{"embeddable":true,"href":"https:\/\/voyaphil.com\/en\/wp-json\/wp\/v2\/comments?post=557"}],"version-history":[{"count":5,"href":"https:\/\/voyaphil.com\/en\/wp-json\/wp\/v2\/pages\/557\/revisions"}],"predecessor-version":[{"id":3043,"href":"https:\/\/voyaphil.com\/en\/wp-json\/wp\/v2\/pages\/557\/revisions\/3043"}],"wp:attachment":[{"href":"https:\/\/voyaphil.com\/en\/wp-json\/wp\/v2\/media?parent=557"}],"curies":[{"name":"wp","href":"https:\/\/api.w.org\/{rel}","templated":true}]}}