{"id":674,"date":"2025-08-30T14:35:29","date_gmt":"2025-08-30T14:35:29","guid":{"rendered":"https:\/\/voyaphil.com\/?page_id=674"},"modified":"2025-12-05T18:05:40","modified_gmt":"2025-12-05T18:05:40","slug":"malaga","status":"publish","type":"page","link":"https:\/\/voyaphil.com\/en\/malaga\/","title":{"rendered":"Malaga"},"content":{"rendered":"<p>[et_pb_section fb_built=\u00a0\u00bb1&Prime; _builder_version=\u00a0\u00bb4.27.4&Prime; _module_preset=\u00a0\u00bbdefault\u00a0\u00bb background_image=\u00a0\u00bbhttps:\/\/voyaphil.com\/wp-content\/uploads\/2025\/08\/rue-de-Malaga-en-Espagne.webp\u00a0\u00bb global_colors_info=\u00a0\u00bb{}\u00a0\u00bb][et_pb_row column_structure=\u00a0\u00bb1_2,1_2&Prime; _builder_version=\u00a0\u00bb4.27.4&Prime; _module_preset=\u00a0\u00bbdefault\u00a0\u00bb global_colors_info=\u00a0\u00bb{}\u00a0\u00bb][et_pb_column type=\u00a0\u00bb1_2&Prime; _builder_version=\u00a0\u00bb4.27.4&Prime; _module_preset=\u00a0\u00bbdefault\u00a0\u00bb global_colors_info=\u00a0\u00bb{}\u00a0\u00bb][et_pb_heading title=\u00a0\u00bbMalaga\u00a0\u00bb _builder_version=\u00a0\u00bb4.27.4&Prime; _module_preset=\u00a0\u00bbdefault\u00a0\u00bb title_font=\u00a0\u00bbPlayfair Display||||||||\u00a0\u00bb title_text_align=\u00a0\u00bbright\u00a0\u00bb title_text_color=\u00a0\u00bb#FFFFFF\u00a0\u00bb title_text_shadow_style=\u00a0\u00bbpreset2&Prime; global_colors_info=\u00a0\u00bb{}\u00a0\u00bb][\/et_pb_heading][\/et_pb_column][et_pb_column type=\u00a0\u00bb1_2&Prime; _builder_version=\u00a0\u00bb4.27.4&Prime; _module_preset=\u00a0\u00bbdefault\u00a0\u00bb global_colors_info=\u00a0\u00bb{}\u00a0\u00bb][et_pb_image src=\u00a0\u00bbhttps:\/\/voyaphil.com\/wp-content\/uploads\/2025\/08\/Espagne.gif\u00a0\u00bb title_text=\u00a0\u00bbEspagne\u00a0\u00bb _builder_version=\u00a0\u00bb4.27.4&Prime; _module_preset=\u00a0\u00bbdefault\u00a0\u00bb global_colors_info=\u00a0\u00bb{}\u00a0\u00bb][\/et_pb_image][\/et_pb_column][\/et_pb_row][et_pb_row _builder_version=\u00a0\u00bb4.27.4&Prime; _module_preset=\u00a0\u00bbdefault\u00a0\u00bb custom_margin=\u00a0\u00bb123px|auto||auto||\u00a0\u00bb global_colors_info=\u00a0\u00bb{}\u00a0\u00bb][et_pb_column type=\u00a0\u00bb4_4&Prime; _builder_version=\u00a0\u00bb4.27.4&Prime; _module_preset=\u00a0\u00bbdefault\u00a0\u00bb global_colors_info=\u00a0\u00bb{}\u00a0\u00bb][et_pb_heading title=\u00a0\u00bbBienvenue \u00e0 Malaga\u00a0\u00bb _builder_version=\u00a0\u00bb4.27.4&Prime; _module_preset=\u00a0\u00bbdefault\u00a0\u00bb title_level=\u00a0\u00bbh2&Prime; title_font=\u00a0\u00bbPlayfair Display||||||||\u00a0\u00bb title_text_align=\u00a0\u00bbcenter\u00a0\u00bb title_text_color=\u00a0\u00bb#FFFFFF\u00a0\u00bb title_text_shadow_style=\u00a0\u00bbpreset2&Prime; global_colors_info=\u00a0\u00bb{}\u00a0\u00bb][\/et_pb_heading][\/et_pb_column][\/et_pb_row][\/et_pb_section][et_pb_section fb_built=\u00a0\u00bb1&Prime; _builder_version=\u00a0\u00bb4.27.4&Prime; _module_preset=\u00a0\u00bbdefault\u00a0\u00bb global_colors_info=\u00a0\u00bb{}\u00a0\u00bb][et_pb_row column_structure=\u00a0\u00bb1_2,1_2&Prime; _builder_version=\u00a0\u00bb4.27.4&Prime; _module_preset=\u00a0\u00bbdefault\u00a0\u00bb global_colors_info=\u00a0\u00bb{}\u00a0\u00bb][et_pb_column type=\u00a0\u00bb1_2&Prime; _builder_version=\u00a0\u00bb4.27.4&Prime; _module_preset=\u00a0\u00bbdefault\u00a0\u00bb global_colors_info=\u00a0\u00bb{}\u00a0\u00bb][et_pb_text _builder_version=\u00a0\u00bb4.27.4&Prime; _module_preset=\u00a0\u00bbdefault\u00a0\u00bb text_orientation=\u00a0\u00bbjustified\u00a0\u00bb global_colors_info=\u00a0\u00bb{}\u00a0\u00bb]<\/p>\n<p><b>M\u00e1laga, ville ancr\u00e9e \u00e0 l&rsquo;ouest du sud espagnol, allie modernit\u00e9 et patrimoine historique. Ses ruelles pi\u00e9tonnes invitent \u00e0 la promenade, tandis que ses bars \u00e0 tapas offrent des moments de d\u00e9tente. Les plages, mus\u00e9es et monuments de la ville se pr\u00eatent parfaitement \u00e0 la fl\u00e2nerie.<\/b><\/p>\n<p>[\/et_pb_text][\/et_pb_column][et_pb_column type=\u00a0\u00bb1_2&Prime; _builder_version=\u00a0\u00bb4.27.4&Prime; _module_preset=\u00a0\u00bbdefault\u00a0\u00bb global_colors_info=\u00a0\u00bb{}\u00a0\u00bb][et_pb_code _builder_version=\u00a0\u00bb4.27.4&Prime; _module_preset=\u00a0\u00bbdefault\u00a0\u00bb global_colors_info=\u00a0\u00bb{}\u00a0\u00bb]<iframe src=\"https:\/\/www.google.com\/maps\/embed?pb=!1m18!1m12!1m3!1d102341.81918875042!2d-4.531666487020568!3d36.71819360371634!2m3!1f0!2f0!3f0!3m2!1i1024!2i768!4f13.1!3m3!1m2!1s0xd7259c44fdb212d%3A0x6025dc92c9ca32cf!2sM%C3%A1laga%2C%20Province%20de%20Malaga%2C%20Espagne!5e0!3m2!1sfr!2sfr!4v1756564063086!5m2!1sfr!2sfr\" width=\"600\" height=\"450\" style=\"border:0;\" allowfullscreen=\"\" loading=\"lazy\" referrerpolicy=\"no-referrer-when-downgrade\"><\/iframe>[\/et_pb_code][\/et_pb_column][\/et_pb_row][et_pb_row column_structure=\u00a0\u00bb1_4,3_4&Prime; _builder_version=\u00a0\u00bb4.27.4&Prime; _module_preset=\u00a0\u00bbdefault\u00a0\u00bb global_colors_info=\u00a0\u00bb{}\u00a0\u00bb][et_pb_column type=\u00a0\u00bb1_4&Prime; _builder_version=\u00a0\u00bb4.27.4&Prime; _module_preset=\u00a0\u00bbdefault\u00a0\u00bb global_colors_info=\u00a0\u00bb{}\u00a0\u00bb][et_pb_image src=\u00a0\u00bbhttps:\/\/voyaphil.com\/wp-content\/uploads\/2025\/08\/Randonneur.gif\u00a0\u00bb title_text=\u00a0\u00bbRandonneur\u00a0\u00bb align=\u00a0\u00bbcenter\u00a0\u00bb _builder_version=\u00a0\u00bb4.27.4&Prime; _module_preset=\u00a0\u00bbdefault\u00a0\u00bb global_colors_info=\u00a0\u00bb{}\u00a0\u00bb][\/et_pb_image][\/et_pb_column][et_pb_column type=\u00a0\u00bb3_4&Prime; _builder_version=\u00a0\u00bb4.27.4&Prime; _module_preset=\u00a0\u00bbdefault\u00a0\u00bb global_colors_info=\u00a0\u00bb{}\u00a0\u00bb][et_pb_heading title=\u00a0\u00bb\u00c0 voir \u00e0 Malaga :\u00a0\u00bb _builder_version=\u00a0\u00bb4.27.4&Prime; _module_preset=\u00a0\u00bbdefault\u00a0\u00bb title_level=\u00a0\u00bbh3&Prime; title_font=\u00a0\u00bbPlayfair Display||||||||\u00a0\u00bb animation_style=\u00a0\u00bbzoom\u00a0\u00bb global_colors_info=\u00a0\u00bb{}\u00a0\u00bb][\/et_pb_heading][et_pb_text _builder_version=\u00a0\u00bb4.27.4&Prime; _module_preset=\u00a0\u00bbdefault\u00a0\u00bb text_orientation=\u00a0\u00bbjustified\u00a0\u00bb global_colors_info=\u00a0\u00bb{}\u00a0\u00bb]<\/p>\n<ul>\n<li><b><i><span style=\"color: #3366ff;\">La Cath\u00e9drale<\/span><span>\u00a0<\/span>:<span>\u00a0<\/span><\/i>La construction de la cath\u00e9drale d\u00e9buta au 16\u00e8me si\u00e8cle. Face \u00e0 un projet tr\u00e8s ambitieux ses travaux se poursuivront pendant plus de 200 ans sans pour autant \u00eatre achev\u00e9s. L\u2019un des deux clochers restera inachev\u00e9, ce qui lui vaudra le surnom \u00ab La Manquita \u00bb (La Manchote).<br \/><\/b><\/li>\n<li><b><i><span><span style=\"color: #3366ff;\">L&rsquo; Alcazaba<\/span>\u00a0<\/span>:<span>\u00a0<\/span><\/i>L\u2019entr\u00e9e se trouve juste \u00e0 c\u00f4t\u00e9 des ruines de l\u2019amphith\u00e9\u00e2tre romain. L\u2019Alcazaba est un palais forteresse datant du 11\u00e8me si\u00e8cle. La brique et la pierre se baignent dans une oasis de verdure.<\/b><\/li>\n<li><b><i><span><span style=\"color: #3366ff;\">Castillo de Gibralfaro<\/span>\u00a0<\/span>:<span>\u00a0<\/span><\/i>Cet \u00e9difice du 14\u00e8me si\u00e8cle perch\u00e9 avec ses remparts sur les hauteurs de la ville t\u00e9moigne de son pass\u00e9 musulman. Il est juste situ\u00e9 au-dessus de l\u2019Alcazaba. Vous aurez une vue magnifique sur la ville et le Port. Si vous d\u00e9sirez ne pas y acc\u00e9der \u00e0 pied, en voiture cela est possible, mais le plus pratique est de prendre le bus (normalement le n\u00b035 depuis l\u2019Avenida de Cervantes). Par contre, vous pouvez redescendre \u00e0 pied par le sentier.<\/b><\/li>\n<li><b><i><span style=\"color: #3366ff;\">Mus\u00e9e Picasso<\/span><span>\u00a0<\/span>:<span>\u00a0<\/span><\/i>C\u2019est un mus\u00e9e consacr\u00e9 \u00e0 l\u2019artiste Pablo Picasso n\u00e9 dans la ville de M\u00e1laga en 1881. Certaines des \u0153uvres viennent de donations des h\u00e9ritiers. Il est g\u00e9r\u00e9 par la fondation Picasso.<\/b><\/li>\n<li><b><i><span><span style=\"color: #3366ff;\">Palacio Episcopal<\/span>\u00a0<\/span>:<span>\u00a0<\/span><\/i>Situ\u00e9 sur la Plaza del Obispo pr\u00e8s de la cath\u00e9drale vaut le coup d\u2019\u0153il pour sa magnifique fa\u00e7ade color\u00e9e. Il accueille parfois des expositions de sculptures et de peintures.<\/b><\/li>\n<li><b><i><span><span style=\"color: #3366ff;\">Mus\u00e9e Carmen Thyssen<\/span>\u00a0<\/span>:<span>\u00a0<\/span><\/i>C\u2019est un mus\u00e9e tr\u00e8s r\u00e9cent inaugur\u00e9 en 2011, et qui expose principalement des \u0153uvres espagnoles et andalouses du 19\u00e8me si\u00e8cle.<\/b><\/li>\n<li><b><i><span><span style=\"color: #3366ff;\">Casa Natal de Picasso<\/span>\u00a0<\/span>:<span>\u00a0<\/span><\/i>C\u2019est la maison o\u00f9 l\u2019artiste vit le jour en 1881. Une r\u00e9plique de l\u2019atelier de Picasso et quelques objets personnels.<\/b><\/li>\n<li><b><i><span><span style=\"color: #3366ff;\">Centro de Arte Contemporaneo<\/span>\u00a0<\/span>:<span>\u00a0<\/span><\/i>Le mus\u00e9e se situe dans un b\u00e2timent des anciennes Halles de M\u00e1laga. Nous pouvons admirer des \u0153uvres d\u2019artistes contemporains des ann\u00e9es 50 \u00e0 nos jours.<\/b><\/li>\n<\/ul>\n<p>[\/et_pb_text][\/et_pb_column][\/et_pb_row][\/et_pb_section][et_pb_section fb_built=\u00a0\u00bb1&Prime; _builder_version=\u00a0\u00bb4.27.4&Prime; _module_preset=\u00a0\u00bbdefault\u00a0\u00bb global_colors_info=\u00a0\u00bb{}\u00a0\u00bb][et_pb_row _builder_version=\u00a0\u00bb4.27.4&Prime; _module_preset=\u00a0\u00bbdefault\u00a0\u00bb global_colors_info=\u00a0\u00bb{}\u00a0\u00bb][et_pb_column type=\u00a0\u00bb4_4&Prime; _builder_version=\u00a0\u00bb4.27.4&Prime; _module_preset=\u00a0\u00bbdefault\u00a0\u00bb global_colors_info=\u00a0\u00bb{}\u00a0\u00bb][et_pb_divider divider_weight=\u00a0\u00bb4px\u00a0\u00bb _builder_version=\u00a0\u00bb4.27.4&Prime; _module_preset=\u00a0\u00bbdefault\u00a0\u00bb global_colors_info=\u00a0\u00bb{}\u00a0\u00bb][\/et_pb_divider][\/et_pb_column][\/et_pb_row][\/et_pb_section][et_pb_section fb_built=\u00a0\u00bb1&Prime; _builder_version=\u00a0\u00bb4.27.4&Prime; _module_preset=\u00a0\u00bbdefault\u00a0\u00bb global_colors_info=\u00a0\u00bb{}\u00a0\u00bb][et_pb_row _builder_version=\u00a0\u00bb4.27.4&Prime; _module_preset=\u00a0\u00bbdefault\u00a0\u00bb global_colors_info=\u00a0\u00bb{}\u00a0\u00bb][et_pb_column type=\u00a0\u00bb4_4&Prime; _builder_version=\u00a0\u00bb4.27.4&Prime; _module_preset=\u00a0\u00bbdefault\u00a0\u00bb global_colors_info=\u00a0\u00bb{}\u00a0\u00bb][et_pb_video src=\u00a0\u00bbhttps:\/\/www.youtube.com\/watch?v=XYdiwECDOjw\u00a0\u00bb _builder_version=\u00a0\u00bb4.27.4&Prime; _module_preset=\u00a0\u00bbdefault\u00a0\u00bb border_radii=\u00a0\u00bbon|10px|10px|10px|10px\u00a0\u00bb global_colors_info=\u00a0\u00bb{}\u00a0\u00bb][\/et_pb_video][\/et_pb_column][\/et_pb_row][\/et_pb_section]<\/p>\n","protected":false},"excerpt":{"rendered":"<p>M\u00e1laga, ville ancr\u00e9e \u00e0 l&rsquo;ouest du sud espagnol, allie modernit\u00e9 et patrimoine historique. Ses ruelles pi\u00e9tonnes invitent \u00e0 la promenade, tandis que ses bars \u00e0 tapas offrent des moments de d\u00e9tente. Les plages, mus\u00e9es et monuments de la ville se pr\u00eatent parfaitement \u00e0 la fl\u00e2nerie. La Cath\u00e9drale\u00a0:\u00a0La construction de la cath\u00e9drale d\u00e9buta au 16\u00e8me si\u00e8cle. [&hellip;]<\/p>\n","protected":false},"author":1,"featured_media":0,"parent":0,"menu_order":0,"comment_status":"closed","ping_status":"closed","template":"","meta":{"_seopress_robots_primary_cat":"","_seopress_titles_title":"M\u00e1laga : cit\u00e9 andalouse entre mer et culture en vid\u00e9o","_seopress_titles_desc":"M\u00e1laga : r\u00e9cit et vid\u00e9o d\u2019une cit\u00e9 m\u00e9diterran\u00e9enne vibrante, entre histoire, soleil et art de vivre.","_seopress_robots_index":"","_et_pb_use_builder":"on","_et_pb_old_content":"","_et_gb_content_width":"","footnotes":""},"class_list":["post-674","page","type-page","status-publish","hentry"],"_links":{"self":[{"href":"https:\/\/voyaphil.com\/en\/wp-json\/wp\/v2\/pages\/674","targetHints":{"allow":["GET"]}}],"collection":[{"href":"https:\/\/voyaphil.com\/en\/wp-json\/wp\/v2\/pages"}],"about":[{"href":"https:\/\/voyaphil.com\/en\/wp-json\/wp\/v2\/types\/page"}],"author":[{"embeddable":true,"href":"https:\/\/voyaphil.com\/en\/wp-json\/wp\/v2\/users\/1"}],"replies":[{"embeddable":true,"href":"https:\/\/voyaphil.com\/en\/wp-json\/wp\/v2\/comments?post=674"}],"version-history":[{"count":6,"href":"https:\/\/voyaphil.com\/en\/wp-json\/wp\/v2\/pages\/674\/revisions"}],"predecessor-version":[{"id":3133,"href":"https:\/\/voyaphil.com\/en\/wp-json\/wp\/v2\/pages\/674\/revisions\/3133"}],"wp:attachment":[{"href":"https:\/\/voyaphil.com\/en\/wp-json\/wp\/v2\/media?parent=674"}],"curies":[{"name":"wp","href":"https:\/\/api.w.org\/{rel}","templated":true}]}}