{"id":759,"date":"2025-08-30T20:41:26","date_gmt":"2025-08-30T20:41:26","guid":{"rendered":"https:\/\/voyaphil.com\/?page_id=759"},"modified":"2025-12-05T21:54:03","modified_gmt":"2025-12-05T21:54:03","slug":"seville","status":"publish","type":"page","link":"https:\/\/voyaphil.com\/en\/seville\/","title":{"rendered":"Seville"},"content":{"rendered":"<p>[et_pb_section fb_built=\u00a0\u00bb1&Prime; _builder_version=\u00a0\u00bb4.27.4&Prime; _module_preset=\u00a0\u00bbdefault\u00a0\u00bb background_image=\u00a0\u00bbhttps:\/\/voyaphil.com\/wp-content\/uploads\/2025\/08\/Ville-de-Seville-en-Espagne.webp\u00a0\u00bb global_colors_info=\u00a0\u00bb{}\u00a0\u00bb][et_pb_row column_structure=\u00a0\u00bb1_2,1_2&Prime; _builder_version=\u00a0\u00bb4.27.4&Prime; _module_preset=\u00a0\u00bbdefault\u00a0\u00bb global_colors_info=\u00a0\u00bb{}\u00a0\u00bb][et_pb_column type=\u00a0\u00bb1_2&Prime; _builder_version=\u00a0\u00bb4.27.4&Prime; _module_preset=\u00a0\u00bbdefault\u00a0\u00bb global_colors_info=\u00a0\u00bb{}\u00a0\u00bb][et_pb_heading title=\u00a0\u00bbS\u00e9ville\u00a0\u00bb _builder_version=\u00a0\u00bb4.27.4&Prime; _module_preset=\u00a0\u00bbdefault\u00a0\u00bb title_font=\u00a0\u00bbPlayfair Display||||||||\u00a0\u00bb title_text_align=\u00a0\u00bbright\u00a0\u00bb title_text_color=\u00a0\u00bb#FFFFFF\u00a0\u00bb title_text_shadow_style=\u00a0\u00bbpreset2&Prime; global_colors_info=\u00a0\u00bb{}\u00a0\u00bb][\/et_pb_heading][\/et_pb_column][et_pb_column type=\u00a0\u00bb1_2&Prime; _builder_version=\u00a0\u00bb4.27.4&Prime; _module_preset=\u00a0\u00bbdefault\u00a0\u00bb global_colors_info=\u00a0\u00bb{}\u00a0\u00bb][et_pb_image src=\u00a0\u00bbhttps:\/\/voyaphil.com\/wp-content\/uploads\/2025\/08\/Espagne.gif\u00a0\u00bb title_text=\u00a0\u00bbEspagne\u00a0\u00bb _builder_version=\u00a0\u00bb4.27.4&Prime; _module_preset=\u00a0\u00bbdefault\u00a0\u00bb global_colors_info=\u00a0\u00bb{}\u00a0\u00bb][\/et_pb_image][\/et_pb_column][\/et_pb_row][et_pb_row _builder_version=\u00a0\u00bb4.27.4&Prime; _module_preset=\u00a0\u00bbdefault\u00a0\u00bb custom_margin=\u00a0\u00bb187px|auto||auto||\u00a0\u00bb global_colors_info=\u00a0\u00bb{}\u00a0\u00bb][et_pb_column type=\u00a0\u00bb4_4&Prime; _builder_version=\u00a0\u00bb4.27.4&Prime; _module_preset=\u00a0\u00bbdefault\u00a0\u00bb global_colors_info=\u00a0\u00bb{}\u00a0\u00bb][et_pb_heading title=\u00a0\u00bbBienvenue \u00e0 S\u00e9ville\u00a0\u00bb _builder_version=\u00a0\u00bb4.27.4&Prime; _module_preset=\u00a0\u00bbdefault\u00a0\u00bb title_level=\u00a0\u00bbh2&Prime; title_font=\u00a0\u00bbPlayfair Display||||||||\u00a0\u00bb title_text_align=\u00a0\u00bbcenter\u00a0\u00bb title_text_color=\u00a0\u00bb#FFFFFF\u00a0\u00bb title_text_shadow_style=\u00a0\u00bbpreset2&Prime; global_colors_info=\u00a0\u00bb{}\u00a0\u00bb][\/et_pb_heading][\/et_pb_column][\/et_pb_row][\/et_pb_section][et_pb_section fb_built=\u00a0\u00bb1&Prime; _builder_version=\u00a0\u00bb4.27.4&Prime; _module_preset=\u00a0\u00bbdefault\u00a0\u00bb custom_padding=\u00a0\u00bb||7px|||\u00a0\u00bb global_colors_info=\u00a0\u00bb{}\u00a0\u00bb][et_pb_row column_structure=\u00a0\u00bb1_2,1_2&Prime; _builder_version=\u00a0\u00bb4.27.4&Prime; _module_preset=\u00a0\u00bbdefault\u00a0\u00bb global_colors_info=\u00a0\u00bb{}\u00a0\u00bb][et_pb_column type=\u00a0\u00bb1_2&Prime; _builder_version=\u00a0\u00bb4.27.4&Prime; _module_preset=\u00a0\u00bbdefault\u00a0\u00bb global_colors_info=\u00a0\u00bb{}\u00a0\u00bb][et_pb_text _builder_version=\u00a0\u00bb4.27.4&Prime; _module_preset=\u00a0\u00bbdefault\u00a0\u00bb text_orientation=\u00a0\u00bbjustified\u00a0\u00bb global_colors_info=\u00a0\u00bb{}\u00a0\u00bb]<\/p>\n<p><b>Une cit\u00e9 au pass\u00e9 glorieux, dot\u00e9e d&rsquo;un patrimoine culturel remarquable, se trouve au c\u0153ur d&rsquo;une r\u00e9gion agricole prosp\u00e8re. Elle b\u00e9n\u00e9ficie de la pr\u00e9sence du fleuve Guadalquivir, qui lui conf\u00e8re l&rsquo;avantage d&rsquo;\u00eatre connect\u00e9e \u00e0 la Mer. Nous avons d&rsquo;ailleurs pu observer un immense navire de croisi\u00e8re y d\u00e9barquer des voyageurs, une sc\u00e8ne impressionnante lorsque l&rsquo;on consid\u00e8re la position int\u00e9rieure de S\u00e9ville. Ce cours d&rsquo;eau sert \u00e9galement au commerce. S\u00e9ville est \u00e9galement un haut lieu du Flamenco, o\u00f9 sont propos\u00e9es des repr\u00e9sentations exceptionnelles.<\/b><\/p>\n<p>[\/et_pb_text][\/et_pb_column][et_pb_column type=\u00a0\u00bb1_2&Prime; _builder_version=\u00a0\u00bb4.27.4&Prime; _module_preset=\u00a0\u00bbdefault\u00a0\u00bb global_colors_info=\u00a0\u00bb{}\u00a0\u00bb][et_pb_code _builder_version=\u00a0\u00bb4.27.4&Prime; _module_preset=\u00a0\u00bbdefault\u00a0\u00bb global_colors_info=\u00a0\u00bb{}\u00a0\u00bb]<iframe src=\"https:\/\/www.google.com\/maps\/embed?pb=!1m18!1m12!1m3!1d101459.60364689845!2d-6.037457817734556!3d37.375342167484035!2m3!1f0!2f0!3f0!3m2!1i1024!2i768!4f13.1!3m3!1m2!1s0xd126c1114be6291%3A0x34f018621cfe5648!2sS%C3%A9ville%2C%20Espagne!5e0!3m2!1sfr!2sfr!4v1756586139651!5m2!1sfr!2sfr\" width=\"600\" height=\"450\" style=\"border:0;\" allowfullscreen=\"\" loading=\"lazy\" referrerpolicy=\"no-referrer-when-downgrade\"><\/iframe>[\/et_pb_code][\/et_pb_column][\/et_pb_row][\/et_pb_section][et_pb_section fb_built=\u00a0\u00bb1&Prime; _builder_version=\u00a0\u00bb4.27.4&Prime; _module_preset=\u00a0\u00bbdefault\u00a0\u00bb custom_padding=\u00a0\u00bb7px||12px|||\u00a0\u00bb global_colors_info=\u00a0\u00bb{}\u00a0\u00bb][et_pb_row _builder_version=\u00a0\u00bb4.27.4&Prime; _module_preset=\u00a0\u00bbdefault\u00a0\u00bb custom_padding=\u00a0\u00bb||7px|||\u00a0\u00bb global_colors_info=\u00a0\u00bb{}\u00a0\u00bb][et_pb_column type=\u00a0\u00bb4_4&Prime; _builder_version=\u00a0\u00bb4.27.4&Prime; _module_preset=\u00a0\u00bbdefault\u00a0\u00bb global_colors_info=\u00a0\u00bb{}\u00a0\u00bb][et_pb_divider divider_weight=\u00a0\u00bb4px\u00a0\u00bb _builder_version=\u00a0\u00bb4.27.4&Prime; _module_preset=\u00a0\u00bbdefault\u00a0\u00bb global_colors_info=\u00a0\u00bb{}\u00a0\u00bb][\/et_pb_divider][\/et_pb_column][\/et_pb_row][\/et_pb_section][et_pb_section fb_built=\u00a0\u00bb1&Prime; _builder_version=\u00a0\u00bb4.27.4&Prime; _module_preset=\u00a0\u00bbdefault\u00a0\u00bb custom_padding=\u00a0\u00bb||7px|||\u00a0\u00bb global_colors_info=\u00a0\u00bb{}\u00a0\u00bb][et_pb_row column_structure=\u00a0\u00bb1_4,3_4&Prime; _builder_version=\u00a0\u00bb4.27.4&Prime; _module_preset=\u00a0\u00bbdefault\u00a0\u00bb custom_padding=\u00a0\u00bb||13px|||\u00a0\u00bb global_colors_info=\u00a0\u00bb{}\u00a0\u00bb][et_pb_column type=\u00a0\u00bb1_4&Prime; _builder_version=\u00a0\u00bb4.27.4&Prime; _module_preset=\u00a0\u00bbdefault\u00a0\u00bb global_colors_info=\u00a0\u00bb{}\u00a0\u00bb][et_pb_image src=\u00a0\u00bbhttps:\/\/voyaphil.com\/wp-content\/uploads\/2025\/08\/Randonneur.gif\u00a0\u00bb title_text=\u00a0\u00bbRandonneur\u00a0\u00bb align=\u00a0\u00bbcenter\u00a0\u00bb _builder_version=\u00a0\u00bb4.27.4&Prime; _module_preset=\u00a0\u00bbdefault\u00a0\u00bb global_colors_info=\u00a0\u00bb{}\u00a0\u00bb][\/et_pb_image][\/et_pb_column][et_pb_column type=\u00a0\u00bb3_4&Prime; _builder_version=\u00a0\u00bb4.27.4&Prime; _module_preset=\u00a0\u00bbdefault\u00a0\u00bb global_colors_info=\u00a0\u00bb{}\u00a0\u00bb][et_pb_heading title=\u00a0\u00bb\u00c0 voir \u00e0 S\u00e9ville :\u00a0\u00bb _builder_version=\u00a0\u00bb4.27.4&Prime; _module_preset=\u00a0\u00bbdefault\u00a0\u00bb title_level=\u00a0\u00bbh3&Prime; title_font=\u00a0\u00bbPlayfair Display||||||||\u00a0\u00bb global_colors_info=\u00a0\u00bb{}\u00a0\u00bb][\/et_pb_heading][et_pb_text _builder_version=\u00a0\u00bb4.27.4&Prime; _module_preset=\u00a0\u00bbdefault\u00a0\u00bb global_colors_info=\u00a0\u00bb{}\u00a0\u00bb]<\/p>\n<ul>\n<li><b><i><span style=\"color: #3366ff;\">Cath\u00e9drale et Giralda<\/span><span>\u00a0<\/span>:<span>\u00a0<\/span><\/i>La cath\u00e9drale est l\u2019une des plus grandes au monde en mati\u00e8re de volume. Vous y trouverez le monumental Tombeau de Christophe Colomb. Vous d\u00e9couvrirez d\u2019autres salles magnifiques : la Sacristia Mayor, la Capilla Real, la Capilla Mayor, la Capilla de San Antonio. Vous pouvez monter en haut de la Giralda et admirer de haut cette immense cath\u00e9drale. Apr\u00e8s \u00eatre redescendu, sortez par le Patio de los Naranjos, un jardin d\u2019orangers parfume ce patio fortifi\u00e9.Elle est inscrite au patrimoine mondial de l&rsquo;UNESCO.<\/b><\/li>\n<li><b><i><span><span style=\"color: #3366ff;\">Alcazar<\/span>\u00a0<\/span>:<span>\u00a0<\/span><\/i>Construit au 10\u00e8me si\u00e8cle pour les gouverneurs musulmans, il fut ensuite modifi\u00e9 \u00e0 plusieurs reprises au fil des si\u00e8cles, pour devenir aujourd\u2019hui une r\u00e9sidence dans la ville de S\u00e9ville de la famille royale espagnole.l&rsquo;Alcazar est inscrit au patrimoine mondial de l&rsquo;UNESCO.<\/b><\/li>\n<li><b><i><span style=\"color: #3366ff;\">Quartier de Santa Cruz<\/span><span>\u00a0<\/span>:<span>\u00a0<\/span><\/i>C\u2019est un quartier riche en monuments, r\u00e9put\u00e9 pour le charme de ses \u00e9troites ruelles et de ses places plant\u00e9es d\u2019orangers. Jouxt\u00e9 \u00e0 l\u2019ALCAZAR, il abrite de nombreuses \u00e9glises, couvents et de nobles demeures.<\/b><\/li>\n<li><b><i><span><span style=\"color: #3366ff;\">El Arenal<\/span>\u00a0<\/span>:<span>\u00a0<\/span><\/i>O\u00f9 l\u2019on peut prendre un bateau pour naviguer sur le fleuve Guadalquivir. Mais aussi se balader sur un sentier qui longe le fleuve.<\/b><\/li>\n<li><b><i><span><span style=\"color: #3366ff;\">El Centro<\/span>\u00a0<\/span>:<span>\u00a0<\/span><\/i>Comme son nom l\u2019indique, c\u2019est le centre de S\u00e9ville, avec de quoi faire du shopping et s\u2019y trouve de nombreux restaurants.<\/b><\/li>\n<li><b><i><span><span style=\"color: #3366ff;\">Le Metropol Parasol<\/span>\u00a0<\/span>:<span>\u00a0<\/span><\/i>Un monument de l\u2019architecture moderne inaugur\u00e9 en 2011, apr\u00e8s 6 ann\u00e9es de construction dans un quartier auparavant \u00e0 l\u2019abandon. Son chantier a mis \u00e0 jour d&rsquo;anciennes ruines romaines.<\/b><\/li>\n<li><b><i><span style=\"color: #3366ff;\">Plaza de Espa\u00f1a<\/span><span>\u00a0<\/span>:<span>\u00a0<\/span><\/i>Construit en 1929, \u00e0 l&rsquo;occasion de l\u2019exposition Ib\u00e9roamericana, ce grandiose \u00e9difice en brique est couvert d\u2019azulejos repr\u00e9sentant chaque province espagnole au moyen d\u2019une carte et d\u2019une sc\u00e8ne historique. Cette place est dot\u00e9e de fontaines et de canaux o\u00f9 l\u2019on peut y naviguer en barque.<\/b><\/li>\n<li><b><i><span style=\"color: #3366ff;\">Parque de Maria Luisa<\/span><span>\u00a0<\/span>:<span>\u00a0<\/span><\/i>Le parc de Maria Luisa est une oasis dans la ville. C\u2019est un v\u00e9ritable havre de paix.<\/b><\/li>\n<\/ul>\n<p>[\/et_pb_text][\/et_pb_column][\/et_pb_row][\/et_pb_section][et_pb_section fb_built=\u00a0\u00bb1&Prime; _builder_version=\u00a0\u00bb4.27.4&Prime; _module_preset=\u00a0\u00bbdefault\u00a0\u00bb custom_padding=\u00a0\u00bb12px||17px|||\u00a0\u00bb global_colors_info=\u00a0\u00bb{}\u00a0\u00bb][et_pb_row _builder_version=\u00a0\u00bb4.27.4&Prime; _module_preset=\u00a0\u00bbdefault\u00a0\u00bb custom_padding=\u00a0\u00bb||9px|||\u00a0\u00bb global_colors_info=\u00a0\u00bb{}\u00a0\u00bb][et_pb_column type=\u00a0\u00bb4_4&Prime; _builder_version=\u00a0\u00bb4.27.4&Prime; _module_preset=\u00a0\u00bbdefault\u00a0\u00bb global_colors_info=\u00a0\u00bb{}\u00a0\u00bb][et_pb_divider divider_weight=\u00a0\u00bb4px\u00a0\u00bb _builder_version=\u00a0\u00bb4.27.4&Prime; _module_preset=\u00a0\u00bbdefault\u00a0\u00bb global_colors_info=\u00a0\u00bb{}\u00a0\u00bb][\/et_pb_divider][\/et_pb_column][\/et_pb_row][\/et_pb_section][et_pb_section fb_built=\u00a0\u00bb1&Prime; _builder_version=\u00a0\u00bb4.27.4&Prime; _module_preset=\u00a0\u00bbdefault\u00a0\u00bb global_colors_info=\u00a0\u00bb{}\u00a0\u00bb][et_pb_row _builder_version=\u00a0\u00bb4.27.4&Prime; _module_preset=\u00a0\u00bbdefault\u00a0\u00bb global_colors_info=\u00a0\u00bb{}\u00a0\u00bb][et_pb_column type=\u00a0\u00bb4_4&Prime; _builder_version=\u00a0\u00bb4.27.4&Prime; _module_preset=\u00a0\u00bbdefault\u00a0\u00bb global_colors_info=\u00a0\u00bb{}\u00a0\u00bb][et_pb_video src=\u00a0\u00bbhttps:\/\/www.youtube.com\/watch?v=ikUdQIkqi7k\u00a0\u00bb _builder_version=\u00a0\u00bb4.27.4&Prime; _module_preset=\u00a0\u00bbdefault\u00a0\u00bb border_radii=\u00a0\u00bbon|10px|10px|10px|10px\u00a0\u00bb global_colors_info=\u00a0\u00bb{}\u00a0\u00bb][\/et_pb_video][\/et_pb_column][\/et_pb_row][\/et_pb_section]<\/p>\n","protected":false},"excerpt":{"rendered":"<p>Une cit\u00e9 au pass\u00e9 glorieux, dot\u00e9e d&rsquo;un patrimoine culturel remarquable, se trouve au c\u0153ur d&rsquo;une r\u00e9gion agricole prosp\u00e8re. Elle b\u00e9n\u00e9ficie de la pr\u00e9sence du fleuve Guadalquivir, qui lui conf\u00e8re l&rsquo;avantage d&rsquo;\u00eatre connect\u00e9e \u00e0 la Mer. Nous avons d&rsquo;ailleurs pu observer un immense navire de croisi\u00e8re y d\u00e9barquer des voyageurs, une sc\u00e8ne impressionnante lorsque l&rsquo;on consid\u00e8re [&hellip;]<\/p>\n","protected":false},"author":1,"featured_media":0,"parent":0,"menu_order":0,"comment_status":"closed","ping_status":"closed","template":"","meta":{"_seopress_robots_primary_cat":"","_seopress_titles_title":"S\u00e9ville : cit\u00e9 andalouse entre flamenco et patrimoine en vid\u00e9o","_seopress_titles_desc":"Voyage \u00e0 S\u00e9ville : explorez une ville espagnole unique, entre cath\u00e9drale, Alcazar et traditions vivantes, r\u00e9v\u00e9l\u00e9s en images et vid\u00e9o.","_seopress_robots_index":"","_et_pb_use_builder":"on","_et_pb_old_content":"","_et_gb_content_width":"","footnotes":""},"class_list":["post-759","page","type-page","status-publish","hentry"],"_links":{"self":[{"href":"https:\/\/voyaphil.com\/en\/wp-json\/wp\/v2\/pages\/759","targetHints":{"allow":["GET"]}}],"collection":[{"href":"https:\/\/voyaphil.com\/en\/wp-json\/wp\/v2\/pages"}],"about":[{"href":"https:\/\/voyaphil.com\/en\/wp-json\/wp\/v2\/types\/page"}],"author":[{"embeddable":true,"href":"https:\/\/voyaphil.com\/en\/wp-json\/wp\/v2\/users\/1"}],"replies":[{"embeddable":true,"href":"https:\/\/voyaphil.com\/en\/wp-json\/wp\/v2\/comments?post=759"}],"version-history":[{"count":4,"href":"https:\/\/voyaphil.com\/en\/wp-json\/wp\/v2\/pages\/759\/revisions"}],"predecessor-version":[{"id":3178,"href":"https:\/\/voyaphil.com\/en\/wp-json\/wp\/v2\/pages\/759\/revisions\/3178"}],"wp:attachment":[{"href":"https:\/\/voyaphil.com\/en\/wp-json\/wp\/v2\/media?parent=759"}],"curies":[{"name":"wp","href":"https:\/\/api.w.org\/{rel}","templated":true}]}}