{"id":890,"date":"2025-08-31T13:29:42","date_gmt":"2025-08-31T13:29:42","guid":{"rendered":"https:\/\/voyaphil.com\/?page_id=890"},"modified":"2025-12-05T21:31:18","modified_gmt":"2025-12-05T21:31:18","slug":"saint-sebastien","status":"publish","type":"page","link":"https:\/\/voyaphil.com\/en\/saint-sebastien\/","title":{"rendered":"San Sebastian"},"content":{"rendered":"<p>[et_pb_section fb_built=\u00a0\u00bb1&Prime; _builder_version=\u00a0\u00bb4.27.4&Prime; _module_preset=\u00a0\u00bbdefault\u00a0\u00bb background_image=\u00a0\u00bbhttps:\/\/voyaphil.com\/wp-content\/uploads\/2025\/08\/Ville-de-Saint-Sebastien-en-Espagne-1.webp\u00a0\u00bb global_colors_info=\u00a0\u00bb{}\u00a0\u00bb][et_pb_row column_structure=\u00a0\u00bb1_2,1_2&Prime; _builder_version=\u00a0\u00bb4.27.4&Prime; _module_preset=\u00a0\u00bbdefault\u00a0\u00bb global_colors_info=\u00a0\u00bb{}\u00a0\u00bb][et_pb_column type=\u00a0\u00bb1_2&Prime; _builder_version=\u00a0\u00bb4.27.4&Prime; _module_preset=\u00a0\u00bbdefault\u00a0\u00bb global_colors_info=\u00a0\u00bb{}\u00a0\u00bb][et_pb_heading title=\u00a0\u00bbSaint-S\u00e9bastien\u00a0\u00bb _builder_version=\u00a0\u00bb4.27.4&Prime; _module_preset=\u00a0\u00bbdefault\u00a0\u00bb title_font=\u00a0\u00bbPlayfair Display||||||||\u00a0\u00bb title_text_align=\u00a0\u00bbright\u00a0\u00bb title_text_color=\u00a0\u00bb#FFFFFF\u00a0\u00bb title_text_shadow_style=\u00a0\u00bbpreset2&Prime; global_colors_info=\u00a0\u00bb{}\u00a0\u00bb][\/et_pb_heading][\/et_pb_column][et_pb_column type=\u00a0\u00bb1_2&Prime; _builder_version=\u00a0\u00bb4.27.4&Prime; _module_preset=\u00a0\u00bbdefault\u00a0\u00bb global_colors_info=\u00a0\u00bb{}\u00a0\u00bb][et_pb_image src=\u00a0\u00bbhttps:\/\/voyaphil.com\/wp-content\/uploads\/2025\/08\/Espagne.gif\u00a0\u00bb title_text=\u00a0\u00bbEspagne\u00a0\u00bb _builder_version=\u00a0\u00bb4.27.4&Prime; _module_preset=\u00a0\u00bbdefault\u00a0\u00bb global_colors_info=\u00a0\u00bb{}\u00a0\u00bb][\/et_pb_image][\/et_pb_column][\/et_pb_row][et_pb_row _builder_version=\u00a0\u00bb4.27.4&Prime; _module_preset=\u00a0\u00bbdefault\u00a0\u00bb custom_margin=\u00a0\u00bb323px|auto||auto||\u00a0\u00bb global_colors_info=\u00a0\u00bb{}\u00a0\u00bb][et_pb_column type=\u00a0\u00bb4_4&Prime; _builder_version=\u00a0\u00bb4.27.4&Prime; _module_preset=\u00a0\u00bbdefault\u00a0\u00bb global_colors_info=\u00a0\u00bb{}\u00a0\u00bb][et_pb_heading title=\u00a0\u00bbBienvenue \u00e0 Saint-S\u00e9bastien\u00a0\u00bb _builder_version=\u00a0\u00bb4.27.4&Prime; _module_preset=\u00a0\u00bbdefault\u00a0\u00bb title_level=\u00a0\u00bbh2&Prime; title_font=\u00a0\u00bbPlayfair Display||||||||\u00a0\u00bb title_text_align=\u00a0\u00bbcenter\u00a0\u00bb title_text_color=\u00a0\u00bb#FFFFFF\u00a0\u00bb title_text_shadow_style=\u00a0\u00bbpreset2&Prime; global_colors_info=\u00a0\u00bb{}\u00a0\u00bb][\/et_pb_heading][\/et_pb_column][\/et_pb_row][\/et_pb_section][et_pb_section fb_built=\u00a0\u00bb1&Prime; _builder_version=\u00a0\u00bb4.27.4&Prime; _module_preset=\u00a0\u00bbdefault\u00a0\u00bb custom_padding=\u00a0\u00bb||9px|||\u00a0\u00bb global_colors_info=\u00a0\u00bb{}\u00a0\u00bb][et_pb_row column_structure=\u00a0\u00bb1_2,1_2&Prime; _builder_version=\u00a0\u00bb4.27.4&Prime; _module_preset=\u00a0\u00bbdefault\u00a0\u00bb global_colors_info=\u00a0\u00bb{}\u00a0\u00bb][et_pb_column type=\u00a0\u00bb1_2&Prime; _builder_version=\u00a0\u00bb4.27.4&Prime; _module_preset=\u00a0\u00bbdefault\u00a0\u00bb global_colors_info=\u00a0\u00bb{}\u00a0\u00bb][et_pb_text _builder_version=\u00a0\u00bb4.27.4&Prime; _module_preset=\u00a0\u00bbdefault\u00a0\u00bb text_orientation=\u00a0\u00bbjustified\u00a0\u00bb global_colors_info=\u00a0\u00bb{}\u00a0\u00bb]<\/p>\n<p><b>Saint<\/b><strong>-S\u00e9bastien<\/strong><b>, \u00e9galement connue sous le nom de San Sebasti\u00e1n en espagnol et Donostia en basque, est une ville c\u00f4ti\u00e8re situ\u00e9e dans le nord de l&rsquo;Espagne, dans la Communaut\u00e9 autonome basque. Elle est la capitale de la province de Guipuscoa et est r\u00e9put\u00e9e pour sa beaut\u00e9 naturelle, sa culture riche et sa gastronomie exceptionnelle.<\/b><\/p>\n<div><b>La ville est c\u00e9l\u00e8bre pour sa baie de la Concha, une magnifique plage en forme de coquillage encadr\u00e9e par les monts Igeldo et Urgull. La plage de la Concha est souvent consid\u00e9r\u00e9e comme l&rsquo;une des plus belles plages urbaines d&rsquo;Europe. Saint-S\u00e9bastien est \u00e9galement connue pour ses nombreux monuments, tels que la cath\u00e9drale du Bon Pasteur, la basilique Sainte-Marie du Ch\u0153ur, et le palais de Miramar.<\/b><\/div>\n<div><b>Le quartier historique de la ville, avec ses ruelles \u00e9troites et ses b\u00e2timents pittoresques, est un lieu incontournable pour les visiteurs. La Plaza de la Constituci\u00f3n est une place anim\u00e9e entour\u00e9e de b\u00e2timents \u00e0 arcades, id\u00e9ale pour se d\u00e9tendre et profiter de l&rsquo;ambiance locale.<\/b><\/div>\n<div><b>Saint-S\u00e9bastien est \u00e9galement r\u00e9put\u00e9e pour sa sc\u00e8ne gastronomique, avec de nombreux restaurants \u00e9toil\u00e9s au guide Michelin et des bars \u00e0 pintxos (tapas basques) o\u00f9 l&rsquo;on peut d\u00e9guster des sp\u00e9cialit\u00e9s locales. La ville accueille \u00e9galement plusieurs festivals importants, tels que le Festival international du film de Saint-S\u00e9bastien et le Festival de jazz de Saint-S\u00e9bastien.<\/b><\/div>\n<p>[\/et_pb_text][\/et_pb_column][et_pb_column type=\u00a0\u00bb1_2&Prime; _builder_version=\u00a0\u00bb4.27.4&Prime; _module_preset=\u00a0\u00bbdefault\u00a0\u00bb global_colors_info=\u00a0\u00bb{}\u00a0\u00bb][et_pb_code _builder_version=\u00a0\u00bb4.27.4&Prime; _module_preset=\u00a0\u00bbdefault\u00a0\u00bb global_colors_info=\u00a0\u00bb{}\u00a0\u00bb]<iframe src=\"https:\/\/www.google.com\/maps\/embed?pb=!1m18!1m12!1m3!1d46452.889493033246!2d-2.0108003119748243!3d43.30786185671932!2m3!1f0!2f0!3f0!3m2!1i1024!2i768!4f13.1!3m3!1m2!1s0xd51affe3b68fe15%3A0xe43ec55994864649!2sSaint-S%C3%A9bastien%2C%20Guipuscoa%2C%20Espagne!5e0!3m2!1sfr!2sfr!4v1756646659662!5m2!1sfr!2sfr\" width=\"600\" height=\"450\" style=\"border:0;\" allowfullscreen=\"\" loading=\"lazy\" referrerpolicy=\"no-referrer-when-downgrade\"><\/iframe>[\/et_pb_code][\/et_pb_column][\/et_pb_row][\/et_pb_section][et_pb_section fb_built=\u00a0\u00bb1&Prime; _builder_version=\u00a0\u00bb4.27.4&Prime; _module_preset=\u00a0\u00bbdefault\u00a0\u00bb custom_padding=\u00a0\u00bb10px||13px|||\u00a0\u00bb global_colors_info=\u00a0\u00bb{}\u00a0\u00bb][et_pb_row _builder_version=\u00a0\u00bb4.27.4&Prime; _module_preset=\u00a0\u00bbdefault\u00a0\u00bb custom_padding=\u00a0\u00bb||10px|||\u00a0\u00bb global_colors_info=\u00a0\u00bb{}\u00a0\u00bb][et_pb_column type=\u00a0\u00bb4_4&Prime; _builder_version=\u00a0\u00bb4.27.4&Prime; _module_preset=\u00a0\u00bbdefault\u00a0\u00bb global_colors_info=\u00a0\u00bb{}\u00a0\u00bb][et_pb_divider divider_weight=\u00a0\u00bb4px\u00a0\u00bb _builder_version=\u00a0\u00bb4.27.4&Prime; _module_preset=\u00a0\u00bbdefault\u00a0\u00bb global_colors_info=\u00a0\u00bb{}\u00a0\u00bb][\/et_pb_divider][\/et_pb_column][\/et_pb_row][\/et_pb_section][et_pb_section fb_built=\u00a0\u00bb1&Prime; _builder_version=\u00a0\u00bb4.27.4&Prime; _module_preset=\u00a0\u00bbdefault\u00a0\u00bb custom_padding=\u00a0\u00bb||11px|||\u00a0\u00bb global_colors_info=\u00a0\u00bb{}\u00a0\u00bb][et_pb_row column_structure=\u00a0\u00bb1_4,3_4&Prime; _builder_version=\u00a0\u00bb4.27.4&Prime; _module_preset=\u00a0\u00bbdefault\u00a0\u00bb global_colors_info=\u00a0\u00bb{}\u00a0\u00bb][et_pb_column type=\u00a0\u00bb1_4&Prime; _builder_version=\u00a0\u00bb4.27.4&Prime; _module_preset=\u00a0\u00bbdefault\u00a0\u00bb global_colors_info=\u00a0\u00bb{}\u00a0\u00bb][et_pb_image src=\u00a0\u00bbhttps:\/\/voyaphil.com\/wp-content\/uploads\/2025\/08\/Randonneur.gif\u00a0\u00bb title_text=\u00a0\u00bbRandonneur\u00a0\u00bb align=\u00a0\u00bbcenter\u00a0\u00bb _builder_version=\u00a0\u00bb4.27.4&Prime; _module_preset=\u00a0\u00bbdefault\u00a0\u00bb global_colors_info=\u00a0\u00bb{}\u00a0\u00bb][\/et_pb_image][\/et_pb_column][et_pb_column type=\u00a0\u00bb3_4&Prime; _builder_version=\u00a0\u00bb4.27.4&Prime; _module_preset=\u00a0\u00bbdefault\u00a0\u00bb global_colors_info=\u00a0\u00bb{}\u00a0\u00bb][et_pb_heading title=\u00a0\u00bbA voir \u00e0 Saint-S\u00e9bastien :\u00a0\u00bb _builder_version=\u00a0\u00bb4.27.4&Prime; _module_preset=\u00a0\u00bbdefault\u00a0\u00bb title_level=\u00a0\u00bbh3&Prime; title_font=\u00a0\u00bbPlayfair Display||||||||\u00a0\u00bb global_colors_info=\u00a0\u00bb{}\u00a0\u00bb][\/et_pb_heading][et_pb_text _builder_version=\u00a0\u00bb4.27.4&Prime; _module_preset=\u00a0\u00bbdefault\u00a0\u00bb global_colors_info=\u00a0\u00bb{}\u00a0\u00bb]<\/p>\n<ul>\n<li><strong><span style=\"color: #3366ff;\"><em>La baie de la Concha<\/em><\/span>\u00a0: Une des plus belles plages urbaines d&rsquo;Europe, id\u00e9ale pour une promenade le long de la promenade de la Concha.<\/strong><\/li>\n<li><strong><span style=\"color: #3366ff;\"><em>Le Mont Urgull<\/em><\/span>\u00a0: Avec son mus\u00e9e sur l\u2019histoire de la ville, son fort et ses belv\u00e9d\u00e8res offrant des vues magnifiques sur la baie de la Concha et la ville.<\/strong><\/li>\n<li><strong><span style=\"color: #3366ff;\"><em>L&rsquo;Aquarium de Saint-S\u00e9bastien<\/em><\/span>\u00a0: Plus qu&rsquo;un simple aquarium, c&rsquo;est aussi un mus\u00e9e maritime avec des maquettes d&rsquo;anciens navires et des expositions sur la culture locale de la p\u00eache.<\/strong><\/li>\n<li><strong><span style=\"color: #3366ff;\"><em>Le Palais Miramar<\/em><\/span>\u00a0: Un palais royal avec des jardins offrant une vue imprenable sur la baie de la Concha.<\/strong><\/li>\n<li><strong><span style=\"color: #3366ff;\"><em>La vieille ville (Parte Vieja)<\/em><\/span>\u00a0: Fl\u00e2nez dans les ruelles \u00e9troites, visitez la basilique de Santa Maria et d\u00e9gustez les fameux pintxos dans les bars locaux.<\/strong><\/li>\n<li><strong><span style=\"color: #3366ff;\"><em>Le Mont Igueldo<\/em><\/span>\u00a0: Prenez le funiculaire pour monter au sommet et profiter d&rsquo;une vue panoramique sur la ville et la mer.<\/strong><\/li>\n<li><strong><span style=\"color: #3366ff;\"><em>La Cath\u00e9drale du Bon Pasteur<\/em><\/span>\u00a0: Un bel exemple d&rsquo;architecture n\u00e9ogothique.<\/strong><\/li>\n<li><strong><span style=\"color: #3366ff;\"><em>Le Peigne du Vent (Peine del Viento)<\/em><\/span>\u00a0: Une sculpture embl\u00e9matique de l&rsquo;artiste Eduardo Chillida, situ\u00e9e au bout de la plage d&rsquo;Ondarreta.<\/strong><\/li>\n<li><span><strong><span style=\"color: #3366ff;\"><em>Gastronomie<\/em><\/span> : Saint-S\u00e9bastien est \u00e9galement r\u00e9put\u00e9e pour sa gastronomie, alors ne manquez pas de go\u00fbter aux pintxos et de visiter l&rsquo;un des nombreux restaurants \u00e9toil\u00e9s de la ville<\/strong>.<\/span><\/li>\n<\/ul>\n<p>[\/et_pb_text][\/et_pb_column][\/et_pb_row][\/et_pb_section][et_pb_section fb_built=\u00a0\u00bb1&Prime; _builder_version=\u00a0\u00bb4.27.4&Prime; _module_preset=\u00a0\u00bbdefault\u00a0\u00bb custom_padding=\u00a0\u00bb9px||12px|||\u00a0\u00bb global_colors_info=\u00a0\u00bb{}\u00a0\u00bb][et_pb_row _builder_version=\u00a0\u00bb4.27.4&Prime; _module_preset=\u00a0\u00bbdefault\u00a0\u00bb custom_padding=\u00a0\u00bb||8px|||\u00a0\u00bb global_colors_info=\u00a0\u00bb{}\u00a0\u00bb][et_pb_column type=\u00a0\u00bb4_4&Prime; _builder_version=\u00a0\u00bb4.27.4&Prime; _module_preset=\u00a0\u00bbdefault\u00a0\u00bb global_colors_info=\u00a0\u00bb{}\u00a0\u00bb][et_pb_divider divider_weight=\u00a0\u00bb4px\u00a0\u00bb _builder_version=\u00a0\u00bb4.27.4&Prime; _module_preset=\u00a0\u00bbdefault\u00a0\u00bb global_colors_info=\u00a0\u00bb{}\u00a0\u00bb][\/et_pb_divider][\/et_pb_column][\/et_pb_row][\/et_pb_section][et_pb_section fb_built=\u00a0\u00bb1&Prime; _builder_version=\u00a0\u00bb4.27.4&Prime; _module_preset=\u00a0\u00bbdefault\u00a0\u00bb global_colors_info=\u00a0\u00bb{}\u00a0\u00bb][et_pb_row _builder_version=\u00a0\u00bb4.27.4&Prime; _module_preset=\u00a0\u00bbdefault\u00a0\u00bb global_colors_info=\u00a0\u00bb{}\u00a0\u00bb][et_pb_column type=\u00a0\u00bb4_4&Prime; _builder_version=\u00a0\u00bb4.27.4&Prime; _module_preset=\u00a0\u00bbdefault\u00a0\u00bb global_colors_info=\u00a0\u00bb{}\u00a0\u00bb][et_pb_video src=\u00a0\u00bbhttps:\/\/www.youtube.com\/watch?v=wly6aIbiecc\u00a0\u00bb _builder_version=\u00a0\u00bb4.27.4&Prime; _module_preset=\u00a0\u00bbdefault\u00a0\u00bb border_radii=\u00a0\u00bbon|10px|10px|10px|10px\u00a0\u00bb global_colors_info=\u00a0\u00bb{}\u00a0\u00bb][\/et_pb_video][\/et_pb_column][\/et_pb_row][\/et_pb_section]<\/p>\n","protected":false},"excerpt":{"rendered":"<p>Saint-S\u00e9bastien, \u00e9galement connue sous le nom de San Sebasti\u00e1n en espagnol et Donostia en basque, est une ville c\u00f4ti\u00e8re situ\u00e9e dans le nord de l&rsquo;Espagne, dans la Communaut\u00e9 autonome basque. Elle est la capitale de la province de Guipuscoa et est r\u00e9put\u00e9e pour sa beaut\u00e9 naturelle, sa culture riche et sa gastronomie exceptionnelle. La ville [&hellip;]<\/p>\n","protected":false},"author":1,"featured_media":0,"parent":0,"menu_order":0,"comment_status":"closed","ping_status":"closed","template":"","meta":{"_seopress_robots_primary_cat":"","_seopress_titles_title":"Saint-S\u00e9bastien : cit\u00e9 basque entre mer et culture en vid\u00e9o","_seopress_titles_desc":"Saint-S\u00e9bastien : r\u00e9cit et vid\u00e9o d\u2019une ville o\u00f9 la mer et la culture se rencontrent.","_seopress_robots_index":"","_et_pb_use_builder":"on","_et_pb_old_content":"","_et_gb_content_width":"","footnotes":""},"class_list":["post-890","page","type-page","status-publish","hentry"],"_links":{"self":[{"href":"https:\/\/voyaphil.com\/en\/wp-json\/wp\/v2\/pages\/890","targetHints":{"allow":["GET"]}}],"collection":[{"href":"https:\/\/voyaphil.com\/en\/wp-json\/wp\/v2\/pages"}],"about":[{"href":"https:\/\/voyaphil.com\/en\/wp-json\/wp\/v2\/types\/page"}],"author":[{"embeddable":true,"href":"https:\/\/voyaphil.com\/en\/wp-json\/wp\/v2\/users\/1"}],"replies":[{"embeddable":true,"href":"https:\/\/voyaphil.com\/en\/wp-json\/wp\/v2\/comments?post=890"}],"version-history":[{"count":4,"href":"https:\/\/voyaphil.com\/en\/wp-json\/wp\/v2\/pages\/890\/revisions"}],"predecessor-version":[{"id":3172,"href":"https:\/\/voyaphil.com\/en\/wp-json\/wp\/v2\/pages\/890\/revisions\/3172"}],"wp:attachment":[{"href":"https:\/\/voyaphil.com\/en\/wp-json\/wp\/v2\/media?parent=890"}],"curies":[{"name":"wp","href":"https:\/\/api.w.org\/{rel}","templated":true}]}}